{"id":500,"date":"2025-06-06T08:39:41","date_gmt":"2025-06-06T08:39:41","guid":{"rendered":"https:\/\/tcbarreiro.pt\/tcb-barreiro-collective-transport\/faqs\/"},"modified":"2025-12-12T22:16:09","modified_gmt":"2025-12-12T22:16:09","slug":"faqs","status":"publish","type":"page","link":"https:\/\/tcbarreiro.pt\/en\/tcb-barreiro-collective-transport\/faqs\/","title":{"rendered":"FAQs"},"content":{"rendered":"        <style type=\"text\/css\">\n        \t        \t.thfaqf-tab h3.thfaqf-tablinks-504.active {\n\t\t\t    background-color: #f5f5f5!important;\n\t\t\t    color: #97d700!important;\n\t\t\t}\n\t\t\t.thfaqf-tab h3.thfaqf-tablinks-504:hover {\n\t\t\t  \tbackground-color: #f5f5f5!important;\n\t\t\t}\n\t\t    .thfaqf-faq-item-504.thfaqf-active .thfaqf-title-text{\n\t\t\t\tcolor: #5a8012!important;\n\t\t\t}\n          \n        <\/style>\n       \t\t<div class=\"thfaqf-faq-list thfaqf-theme-wrapper-jointswp\">\n            <h3 class=\"thfaqf-faq-list-title\">TCB | Perguntas Frequentes<\/h3><div class=\"faq-item-wrapper\">\t\t<div id=\"thfaqf-faq-item-504_0\" class=\"thfaqf-faq-item  thfaqf-faq-item-504    thfaqf-post-id-504 thfaqf-count-dsply-setngs\" style=\"border-radius: 6px;\" >\n\t\t\t<div data-active_color=\"#5a8012\" class=\"thfaqf-faq-item-title\" style=\"border-width: 1px; border-style: solid; margin-bottom: -1px; background-color: #f5f5f5; border-color: #f5f5f5;\">\n \t\t\t\t<h4>\n \t\t\t\t\t \t\t\t\t<span class=\"thfaq-marker thfaqf-toggle-icon\" style=\" color: #97d700;\"><\/span>\n \t\t\t\t\t<span class=\"thfaqf-title-text \" style=\" color: #000000;\" >O que s\u00e3o os Transportes Colectivos do Barreiro?<\/span>\n \t\t\t\t<\/h4>\t\n\t\t\t<\/div>\n\t\t\t<div class=\"thfaqf-faq-item-content\" style=\"border-width: 1px; border-style: solid; background-color: #fcfcfc; border-color: #fcfcfc; color: #000000;\" >\n\t\t\t\t<p>Os Transportes Colectivos do Barreiro constituem uma rede de transportes p\u00fablicos que visa garantir a mobilidade urbana na cidade do Barreiro e em algumas zonas lim\u00edtrofes, oferecendo servi\u00e7os de transporte urbano de passageiros.<\/p>\n\t\t\t\t<div class=\"thfaq-enable-comment-box thfaqf-hide\"> <p>\t\t<div class=\"thfaqf-comment-wrapper\">\n\t\t\t<form form method=\"post\" class=\"thfaqf-post-comment\">\n\t\t\t\t<p><input class=\"thfaqf-comment-box thfaqf-uname\" type=\"text\" placeholder=\"Name...\"name=\"user_name\"\/><\/p>\n\t\t\t\t<p class=\"threq-name\"><\/p>\n\t\t\t\t<input type=\"hidden\" name=\"action\" value=\"thfaqf_comment\">\n\t\t\t\t<input type=\"hidden\" name=\"faq_id\" value=\"504\">\n\t\t\t\t<input type=\"hidden\" name=\"faq_index\" value=\"0\">\n\t\t\t\t<input type=\"hidden\" name=\"form_time\">\n\t\t\t\t<input type=\"text\" name=\"website\" style=\"display:none\">\n\t\t\t\t\t\t\t\t<input type=\"hidden\" name=\"form_token\" value=\"98413ec8-49bc-4ee5-a66b-92816c0ebba0\">\n\t\t\t\t<p><textarea placeholder=\"Add a Comment...\"name=\"user_msg\" class=\"thfaqf-comment-box thfaqf-ucomment\"><\/textarea><\/p>\n\t\t\t\t<p class=\"threq-comment\"><\/p>\n\t\t\t\t<input type=\"hidden\" name=\"wp_thfaqc_nonce\" value=\"2b4a44cf53\"\/>\n\t\t    \t<p><button type=\"submit\" name=\"thfaqf_comment_submt\" class=\"thfaqf-submt-cmmt button primary is-xsmall\" onclick=\"submitFaqfComment(this)\">Send<\/button><\/p><p class=\"thfaqf-comment-validetion\"><\/p>\n\t\t    <\/form>\t\n\n\t\t    \t\t<\/div>\n\t\t <\/p><\/div>\n\t\t\t<\/div>\n\t\t\t<div class=\"log\"><\/div>\n\t\t<\/div>\n \t\t\t\t<div id=\"thfaqf-faq-item-504_1\" class=\"thfaqf-faq-item  thfaqf-faq-item-504    thfaqf-post-id-504 thfaqf-count-dsply-setngs\" style=\"border-radius: 6px;\" >\n\t\t\t<div data-active_color=\"#5a8012\" class=\"thfaqf-faq-item-title\" style=\"border-width: 1px; border-style: solid; margin-bottom: -1px; background-color: #f5f5f5; border-color: #f5f5f5;\">\n \t\t\t\t<h4>\n \t\t\t\t\t \t\t\t\t<span class=\"thfaq-marker thfaqf-toggle-icon\" style=\" color: #97d700;\"><\/span>\n \t\t\t\t\t<span class=\"thfaqf-title-text \" style=\" color: #000000;\" >Onde operam os Transportes Colectivos do Barreiro?<\/span>\n \t\t\t\t<\/h4>\t\n\t\t\t<\/div>\n\t\t\t<div class=\"thfaqf-faq-item-content\" style=\"border-width: 1px; border-style: solid; background-color: #fcfcfc; border-color: #fcfcfc; color: #000000;\" >\n\t\t\t\t<p>Transportes Coletivos do Barreiro s\u00e3o respons\u00e1veis pela opera\u00e7\u00e3o de transporte p\u00fablico no Barreiro e nos mun\u00edcipios da Moita, e Sesimbra, abrangendo as freguesias da Baixa da Banheira, Vale da Amoreira e Alhos Vedros.<\/p>\n\t\t\t\t<div class=\"thfaq-enable-comment-box thfaqf-hide\"> <p>\t\t<div class=\"thfaqf-comment-wrapper\">\n\t\t\t<form form method=\"post\" class=\"thfaqf-post-comment\">\n\t\t\t\t<p><input class=\"thfaqf-comment-box thfaqf-uname\" type=\"text\" placeholder=\"Name...\"name=\"user_name\"\/><\/p>\n\t\t\t\t<p class=\"threq-name\"><\/p>\n\t\t\t\t<input type=\"hidden\" name=\"action\" value=\"thfaqf_comment\">\n\t\t\t\t<input type=\"hidden\" name=\"faq_id\" value=\"504\">\n\t\t\t\t<input type=\"hidden\" name=\"faq_index\" value=\"1\">\n\t\t\t\t<input type=\"hidden\" name=\"form_time\">\n\t\t\t\t<input type=\"text\" name=\"website\" style=\"display:none\">\n\t\t\t\t\t\t\t\t<input type=\"hidden\" name=\"form_token\" value=\"50d54c57-d52c-413f-acf2-3a9c84cfaeab\">\n\t\t\t\t<p><textarea placeholder=\"Add a Comment...\"name=\"user_msg\" class=\"thfaqf-comment-box thfaqf-ucomment\"><\/textarea><\/p>\n\t\t\t\t<p class=\"threq-comment\"><\/p>\n\t\t\t\t<input type=\"hidden\" name=\"wp_thfaqc_nonce\" value=\"2b4a44cf53\"\/>\n\t\t    \t<p><button type=\"submit\" name=\"thfaqf_comment_submt\" class=\"thfaqf-submt-cmmt button primary is-xsmall\" onclick=\"submitFaqfComment(this)\">Send<\/button><\/p><p class=\"thfaqf-comment-validetion\"><\/p>\n\t\t    <\/form>\t\n\n\t\t    \t\t<\/div>\n\t\t <\/p><\/div>\n\t\t\t<\/div>\n\t\t\t<div class=\"log\"><\/div>\n\t\t<\/div>\n \t\t\t\t<div id=\"thfaqf-faq-item-504_2\" class=\"thfaqf-faq-item  thfaqf-faq-item-504    thfaqf-post-id-504 thfaqf-count-dsply-setngs\" style=\"border-radius: 6px;\" >\n\t\t\t<div data-active_color=\"#5a8012\" class=\"thfaqf-faq-item-title\" style=\"border-width: 1px; border-style: solid; margin-bottom: -1px; background-color: #f5f5f5; border-color: #f5f5f5;\">\n \t\t\t\t<h4>\n \t\t\t\t\t \t\t\t\t<span class=\"thfaq-marker thfaqf-toggle-icon\" style=\" color: #97d700;\"><\/span>\n \t\t\t\t\t<span class=\"thfaqf-title-text \" style=\" color: #000000;\" >Tarif\u00e1rios | Quais os t\u00edtulos de transporte v\u00e1lidos para viajar nos TCB?<\/span>\n \t\t\t\t<\/h4>\t\n\t\t\t<\/div>\n\t\t\t<div class=\"thfaqf-faq-item-content\" style=\"border-width: 1px; border-style: solid; background-color: #fcfcfc; border-color: #fcfcfc; color: #000000;\" >\n\t\t\t\t<div>Os t\u00edtulos v\u00e1lidos para viajar nos Transportes Colectivos do Barreiro incluem:<u><\/u><u><\/u><\/div>\n<div>Passe Navegante Municipal ou Metropolitano<u><\/u><u><\/u><\/div>\n<div>T\u00edtulo de bordo<u><\/u><u><\/u><\/div>\n<div>Passes TCB<u><\/u><u><\/u><\/div>\n<div>Viagens pr\u00e9-compradas<\/div>\n\t\t\t\t<div class=\"thfaq-enable-comment-box thfaqf-hide\"> <p>\t\t<div class=\"thfaqf-comment-wrapper\">\n\t\t\t<form form method=\"post\" class=\"thfaqf-post-comment\">\n\t\t\t\t<p><input class=\"thfaqf-comment-box thfaqf-uname\" type=\"text\" placeholder=\"Name...\"name=\"user_name\"\/><\/p>\n\t\t\t\t<p class=\"threq-name\"><\/p>\n\t\t\t\t<input type=\"hidden\" name=\"action\" value=\"thfaqf_comment\">\n\t\t\t\t<input type=\"hidden\" name=\"faq_id\" value=\"504\">\n\t\t\t\t<input type=\"hidden\" name=\"faq_index\" value=\"2\">\n\t\t\t\t<input type=\"hidden\" name=\"form_time\">\n\t\t\t\t<input type=\"text\" name=\"website\" style=\"display:none\">\n\t\t\t\t\t\t\t\t<input type=\"hidden\" name=\"form_token\" value=\"732c0e81-bd9f-47d4-8bce-68abdb20aa04\">\n\t\t\t\t<p><textarea placeholder=\"Add a Comment...\"name=\"user_msg\" class=\"thfaqf-comment-box thfaqf-ucomment\"><\/textarea><\/p>\n\t\t\t\t<p class=\"threq-comment\"><\/p>\n\t\t\t\t<input type=\"hidden\" name=\"wp_thfaqc_nonce\" value=\"2b4a44cf53\"\/>\n\t\t    \t<p><button type=\"submit\" name=\"thfaqf_comment_submt\" class=\"thfaqf-submt-cmmt button primary is-xsmall\" onclick=\"submitFaqfComment(this)\">Send<\/button><\/p><p class=\"thfaqf-comment-validetion\"><\/p>\n\t\t    <\/form>\t\n\n\t\t    \t\t<\/div>\n\t\t <\/p><\/div>\n\t\t\t<\/div>\n\t\t\t<div class=\"log\"><\/div>\n\t\t<\/div>\n \t\t\t\t<div id=\"thfaqf-faq-item-504_3\" class=\"thfaqf-faq-item  thfaqf-faq-item-504    thfaqf-post-id-504 thfaqf-count-dsply-setngs\" style=\"border-radius: 6px;\" >\n\t\t\t<div data-active_color=\"#5a8012\" class=\"thfaqf-faq-item-title\" style=\"border-width: 1px; border-style: solid; margin-bottom: -1px; background-color: #f5f5f5; border-color: #f5f5f5;\">\n \t\t\t\t<h4>\n \t\t\t\t\t \t\t\t\t<span class=\"thfaq-marker thfaqf-toggle-icon\" style=\" color: #97d700;\"><\/span>\n \t\t\t\t\t<span class=\"thfaqf-title-text \" style=\" color: #000000;\" >Onde posso comprar o t\u00edtulo de transporte?<\/span>\n \t\t\t\t<\/h4>\t\n\t\t\t<\/div>\n\t\t\t<div class=\"thfaqf-faq-item-content\" style=\"border-width: 1px; border-style: solid; background-color: #fcfcfc; border-color: #fcfcfc; color: #000000;\" >\n\t\t\t\t<div><strong>Os t\u00edtulos de transporte podem ser adquiridos nos seguintes locais:<\/strong><\/div>\n<ul>\n<li>Bilheteira TCB no Terminal<\/li>\n<li>Loja do Cidad\u00e3o no Barra Shopping<\/li>\n<\/ul>\n<div><strong>Postos de venda da rede TCB:<\/strong><\/div>\n<ul>\n<li><u><\/u><u><\/u>Papelaria Laurinda \u2013 Alto Seixalinho<u><\/u><u><\/u><\/li>\n<li>Papelaria Brivi \u2013 Santo Andr\u00e9<u><\/u><u><\/u><\/li>\n<li>Papelaria Carol \u2013 Alto Seixalinho<u><\/u><u><\/u><\/li>\n<li>Mini Mercado Palhais \u2013 Palhais<u><\/u><u><\/u><\/li>\n<li>Quiosque do Hugo \u2013 Lavradio<u><\/u><u><\/u><\/li>\n<li>Papelaria Central \u2013 Barreiro (junto ao Parque Catarina Euf\u00e9mia)<u><\/u><u><\/u><\/li>\n<li>Casa H\u00e9lia \u2013 Santo Ant\u00f3nio da Charneca<u><\/u><u><\/u><\/li>\n<li>Ag\u00eancia Dibel \u2013 Cidade Sol<u><\/u><u><\/u><\/li>\n<li>Junta de Freguesia de Coina \u2013 Coina<u><\/u><u><\/u><\/li>\n<\/ul>\n<div>Para a primeira emiss\u00e3o do cart\u00e3o Navegante, \u00e9 necess\u00e1rio dirigir-se presencialmente \u00e0 Loja do Cidad\u00e3o com os documentos requeridos e com fotografia tipo passe atualizada.<u><\/u><u><\/u><\/div>\n<div><u><\/u><\/div>\n\t\t\t\t<div class=\"thfaq-enable-comment-box thfaqf-hide\"> <p>\t\t<div class=\"thfaqf-comment-wrapper\">\n\t\t\t<form form method=\"post\" class=\"thfaqf-post-comment\">\n\t\t\t\t<p><input class=\"thfaqf-comment-box thfaqf-uname\" type=\"text\" placeholder=\"Name...\"name=\"user_name\"\/><\/p>\n\t\t\t\t<p class=\"threq-name\"><\/p>\n\t\t\t\t<input type=\"hidden\" name=\"action\" value=\"thfaqf_comment\">\n\t\t\t\t<input type=\"hidden\" name=\"faq_id\" value=\"504\">\n\t\t\t\t<input type=\"hidden\" name=\"faq_index\" value=\"3\">\n\t\t\t\t<input type=\"hidden\" name=\"form_time\">\n\t\t\t\t<input type=\"text\" name=\"website\" style=\"display:none\">\n\t\t\t\t\t\t\t\t<input type=\"hidden\" name=\"form_token\" value=\"aadbc3f7-ec90-41fc-9ec2-a5721b13d51e\">\n\t\t\t\t<p><textarea placeholder=\"Add a Comment...\"name=\"user_msg\" class=\"thfaqf-comment-box thfaqf-ucomment\"><\/textarea><\/p>\n\t\t\t\t<p class=\"threq-comment\"><\/p>\n\t\t\t\t<input type=\"hidden\" name=\"wp_thfaqc_nonce\" value=\"2b4a44cf53\"\/>\n\t\t    \t<p><button type=\"submit\" name=\"thfaqf_comment_submt\" class=\"thfaqf-submt-cmmt button primary is-xsmall\" onclick=\"submitFaqfComment(this)\">Send<\/button><\/p><p class=\"thfaqf-comment-validetion\"><\/p>\n\t\t    <\/form>\t\n\n\t\t    \t\t<\/div>\n\t\t <\/p><\/div>\n\t\t\t<\/div>\n\t\t\t<div class=\"log\"><\/div>\n\t\t<\/div>\n \t\t\t\t<div id=\"thfaqf-faq-item-504_4\" class=\"thfaqf-faq-item  thfaqf-faq-item-504    thfaqf-post-id-504 thfaqf-count-dsply-setngs\" style=\"border-radius: 6px;\" >\n\t\t\t<div data-active_color=\"#5a8012\" class=\"thfaqf-faq-item-title\" style=\"border-width: 1px; border-style: solid; margin-bottom: -1px; background-color: #f5f5f5; border-color: #f5f5f5;\">\n \t\t\t\t<h4>\n \t\t\t\t\t \t\t\t\t<span class=\"thfaq-marker thfaqf-toggle-icon\" style=\" color: #97d700;\"><\/span>\n \t\t\t\t\t<span class=\"thfaqf-title-text \" style=\" color: #000000;\" >Posso utilizar o t\u00edtulo de transporte noutras redes?<\/span>\n \t\t\t\t<\/h4>\t\n\t\t\t<\/div>\n\t\t\t<div class=\"thfaqf-faq-item-content\" style=\"border-width: 1px; border-style: solid; background-color: #fcfcfc; border-color: #fcfcfc; color: #000000;\" >\n\t\t\t\t<div><strong>A utiliza\u00e7\u00e3o de um t\u00edtulo de transporte noutras redes depende do tipo de t\u00edtulo carregado:<\/strong><u><\/u><u><\/u><\/div>\n<ul>\n<li>Navegante Municipal: Apenas v\u00e1lido dentro do concelho onde foi adquirido.<\/li>\n<li>Navegante Metropolitano: V\u00e1lido em todos os 18 munic\u00edpios da \u00c1rea Metropolitana de Lisboa.<\/li>\n<li>Passe TCB: V\u00e1lido apenas na rede dos Transportes Colectivos do Barreiro.<\/li>\n<\/ul>\n\t\t\t\t<div class=\"thfaq-enable-comment-box thfaqf-hide\"> <p>\t\t<div class=\"thfaqf-comment-wrapper\">\n\t\t\t<form form method=\"post\" class=\"thfaqf-post-comment\">\n\t\t\t\t<p><input class=\"thfaqf-comment-box thfaqf-uname\" type=\"text\" placeholder=\"Name...\"name=\"user_name\"\/><\/p>\n\t\t\t\t<p class=\"threq-name\"><\/p>\n\t\t\t\t<input type=\"hidden\" name=\"action\" value=\"thfaqf_comment\">\n\t\t\t\t<input type=\"hidden\" name=\"faq_id\" value=\"504\">\n\t\t\t\t<input type=\"hidden\" name=\"faq_index\" value=\"4\">\n\t\t\t\t<input type=\"hidden\" name=\"form_time\">\n\t\t\t\t<input type=\"text\" name=\"website\" style=\"display:none\">\n\t\t\t\t\t\t\t\t<input type=\"hidden\" name=\"form_token\" value=\"cb9ea66b-ee65-45e5-96b0-61c365700c79\">\n\t\t\t\t<p><textarea placeholder=\"Add a Comment...\"name=\"user_msg\" class=\"thfaqf-comment-box thfaqf-ucomment\"><\/textarea><\/p>\n\t\t\t\t<p class=\"threq-comment\"><\/p>\n\t\t\t\t<input type=\"hidden\" name=\"wp_thfaqc_nonce\" value=\"2b4a44cf53\"\/>\n\t\t    \t<p><button type=\"submit\" name=\"thfaqf_comment_submt\" class=\"thfaqf-submt-cmmt button primary is-xsmall\" onclick=\"submitFaqfComment(this)\">Send<\/button><\/p><p class=\"thfaqf-comment-validetion\"><\/p>\n\t\t    <\/form>\t\n\n\t\t    \t\t<\/div>\n\t\t <\/p><\/div>\n\t\t\t<\/div>\n\t\t\t<div class=\"log\"><\/div>\n\t\t<\/div>\n \t\t\t\t<div id=\"thfaqf-faq-item-504_5\" class=\"thfaqf-faq-item  thfaqf-faq-item-504    thfaqf-post-id-504 thfaqf-count-dsply-setngs\" style=\"border-radius: 6px;\" >\n\t\t\t<div data-active_color=\"#5a8012\" class=\"thfaqf-faq-item-title\" style=\"border-width: 1px; border-style: solid; margin-bottom: -1px; background-color: #f5f5f5; border-color: #f5f5f5;\">\n \t\t\t\t<h4>\n \t\t\t\t\t \t\t\t\t<span class=\"thfaq-marker thfaqf-toggle-icon\" style=\" color: #97d700;\"><\/span>\n \t\t\t\t\t<span class=\"thfaqf-title-text \" style=\" color: #000000;\" >O que \u00e9 o passe Navegante Fam\u00edlia?<\/span>\n \t\t\t\t<\/h4>\t\n\t\t\t<\/div>\n\t\t\t<div class=\"thfaqf-faq-item-content\" style=\"border-width: 1px; border-style: solid; background-color: #fcfcfc; border-color: #fcfcfc; color: #000000;\" >\n\t\t\t\t<div>O Navegante Fam\u00edlia \u00e9 um t\u00edtulo exclusivo para agregados familiares com domic\u00edlio fiscal na \u00c1rea Metropolitana de Lisboa.<\/div>\n<div><\/div>\n<div><strong>Existem duas vertentes:<\/strong><u><\/u><u><\/u><\/div>\n<ul>\n<li><strong>Navegante Metropolitano Fam\u00edlia:<\/strong> Permite utilizar todos os servi\u00e7os de transporte p\u00fablico nos 18 munic\u00edpios da \u00e1rea metropolitana por um valor m\u00e1ximo de 80\u20ac.<\/li>\n<li><strong>Navegante Municipal Fam\u00edlia:<\/strong> Permite utilizar todos os servi\u00e7os de transporte p\u00fablico dentro do munic\u00edpio de resid\u00eancia do agregado familiar por um valor m\u00e1ximo de 60\u20ac.<\/li>\n<\/ul>\n<div><\/div>\n\t\t\t\t<div class=\"thfaq-enable-comment-box thfaqf-hide\"> <p>\t\t<div class=\"thfaqf-comment-wrapper\">\n\t\t\t<form form method=\"post\" class=\"thfaqf-post-comment\">\n\t\t\t\t<p><input class=\"thfaqf-comment-box thfaqf-uname\" type=\"text\" placeholder=\"Name...\"name=\"user_name\"\/><\/p>\n\t\t\t\t<p class=\"threq-name\"><\/p>\n\t\t\t\t<input type=\"hidden\" name=\"action\" value=\"thfaqf_comment\">\n\t\t\t\t<input type=\"hidden\" name=\"faq_id\" value=\"504\">\n\t\t\t\t<input type=\"hidden\" name=\"faq_index\" value=\"5\">\n\t\t\t\t<input type=\"hidden\" name=\"form_time\">\n\t\t\t\t<input type=\"text\" name=\"website\" style=\"display:none\">\n\t\t\t\t\t\t\t\t<input type=\"hidden\" name=\"form_token\" value=\"ad75a020-1984-48c8-b0af-2c8bec7a823a\">\n\t\t\t\t<p><textarea placeholder=\"Add a Comment...\"name=\"user_msg\" class=\"thfaqf-comment-box thfaqf-ucomment\"><\/textarea><\/p>\n\t\t\t\t<p class=\"threq-comment\"><\/p>\n\t\t\t\t<input type=\"hidden\" name=\"wp_thfaqc_nonce\" value=\"2b4a44cf53\"\/>\n\t\t    \t<p><button type=\"submit\" name=\"thfaqf_comment_submt\" class=\"thfaqf-submt-cmmt button primary is-xsmall\" onclick=\"submitFaqfComment(this)\">Send<\/button><\/p><p class=\"thfaqf-comment-validetion\"><\/p>\n\t\t    <\/form>\t\n\n\t\t    \t\t<\/div>\n\t\t <\/p><\/div>\n\t\t\t<\/div>\n\t\t\t<div class=\"log\"><\/div>\n\t\t<\/div>\n \t\t\t\t<div id=\"thfaqf-faq-item-504_6\" class=\"thfaqf-faq-item  thfaqf-faq-item-504    thfaqf-post-id-504 thfaqf-count-dsply-setngs\" style=\"border-radius: 6px;\" >\n\t\t\t<div data-active_color=\"#5a8012\" class=\"thfaqf-faq-item-title\" style=\"border-width: 1px; border-style: solid; margin-bottom: -1px; background-color: #f5f5f5; border-color: #f5f5f5;\">\n \t\t\t\t<h4>\n \t\t\t\t\t \t\t\t\t<span class=\"thfaq-marker thfaqf-toggle-icon\" style=\" color: #97d700;\"><\/span>\n \t\t\t\t\t<span class=\"thfaqf-title-text \" style=\" color: #000000;\" >Quem pode beneficiar do passe Navegante Fam\u00edlia?<\/span>\n \t\t\t\t<\/h4>\t\n\t\t\t<\/div>\n\t\t\t<div class=\"thfaqf-faq-item-content\" style=\"border-width: 1px; border-style: solid; background-color: #fcfcfc; border-color: #fcfcfc; color: #000000;\" >\n\t\t\t\t<div>O Navegante Fam\u00edlia \u00e9 destinado a agregados familiares com, pelo menos, tr\u00eas membros, todos com o mesmo domic\u00edlio fiscal.<u><\/u><u><\/u><\/div>\n<div><\/div>\n<div><strong>Podem incluir:<u><\/u><u><\/u><\/strong><\/div>\n<ul>\n<li>C\u00f4njuge ou pessoa em uni\u00e3o de facto (com mais de 2 anos)<\/li>\n<li>Parentes em linha reta (pais, av\u00f3s, filhos, netos, etc.)<\/li>\n<li>Adoptados e tutelados, bem como menores confiados por decis\u00e3o judicial ou administrativa.<\/li>\n<\/ul>\n\t\t\t\t<div class=\"thfaq-enable-comment-box thfaqf-hide\"> <p>\t\t<div class=\"thfaqf-comment-wrapper\">\n\t\t\t<form form method=\"post\" class=\"thfaqf-post-comment\">\n\t\t\t\t<p><input class=\"thfaqf-comment-box thfaqf-uname\" type=\"text\" placeholder=\"Name...\"name=\"user_name\"\/><\/p>\n\t\t\t\t<p class=\"threq-name\"><\/p>\n\t\t\t\t<input type=\"hidden\" name=\"action\" value=\"thfaqf_comment\">\n\t\t\t\t<input type=\"hidden\" name=\"faq_id\" value=\"504\">\n\t\t\t\t<input type=\"hidden\" name=\"faq_index\" value=\"6\">\n\t\t\t\t<input type=\"hidden\" name=\"form_time\">\n\t\t\t\t<input type=\"text\" name=\"website\" style=\"display:none\">\n\t\t\t\t\t\t\t\t<input type=\"hidden\" name=\"form_token\" value=\"7973a6da-f764-4b84-ba8a-2368f241cb70\">\n\t\t\t\t<p><textarea placeholder=\"Add a Comment...\"name=\"user_msg\" class=\"thfaqf-comment-box thfaqf-ucomment\"><\/textarea><\/p>\n\t\t\t\t<p class=\"threq-comment\"><\/p>\n\t\t\t\t<input type=\"hidden\" name=\"wp_thfaqc_nonce\" value=\"2b4a44cf53\"\/>\n\t\t    \t<p><button type=\"submit\" name=\"thfaqf_comment_submt\" class=\"thfaqf-submt-cmmt button primary is-xsmall\" onclick=\"submitFaqfComment(this)\">Send<\/button><\/p><p class=\"thfaqf-comment-validetion\"><\/p>\n\t\t    <\/form>\t\n\n\t\t    \t\t<\/div>\n\t\t <\/p><\/div>\n\t\t\t<\/div>\n\t\t\t<div class=\"log\"><\/div>\n\t\t<\/div>\n \t\t\t\t<div id=\"thfaqf-faq-item-504_7\" class=\"thfaqf-faq-item  thfaqf-faq-item-504    thfaqf-post-id-504 thfaqf-count-dsply-setngs\" style=\"border-radius: 6px;\" >\n\t\t\t<div data-active_color=\"#5a8012\" class=\"thfaqf-faq-item-title\" style=\"border-width: 1px; border-style: solid; margin-bottom: -1px; background-color: #f5f5f5; border-color: #f5f5f5;\">\n \t\t\t\t<h4>\n \t\t\t\t\t \t\t\t\t<span class=\"thfaq-marker thfaqf-toggle-icon\" style=\" color: #97d700;\"><\/span>\n \t\t\t\t\t<span class=\"thfaqf-title-text \" style=\" color: #000000;\" >Onde posso requerer o Navegante Fam\u00edlia?<\/span>\n \t\t\t\t<\/h4>\t\n\t\t\t<\/div>\n\t\t\t<div class=\"thfaqf-faq-item-content\" style=\"border-width: 1px; border-style: solid; background-color: #fcfcfc; border-color: #fcfcfc; color: #000000;\" >\n\t\t\t\t<div>O Navegante Fam\u00edlia pode ser solicitado nos postos de atendimento dos operadores de transporte, bem como na loja do Cidad\u00e3o dos TCB no Barra Shopping.<u><\/u><u><\/u><\/div>\n\t\t\t\t<div class=\"thfaq-enable-comment-box thfaqf-hide\"> <p>\t\t<div class=\"thfaqf-comment-wrapper\">\n\t\t\t<form form method=\"post\" class=\"thfaqf-post-comment\">\n\t\t\t\t<p><input class=\"thfaqf-comment-box thfaqf-uname\" type=\"text\" placeholder=\"Name...\"name=\"user_name\"\/><\/p>\n\t\t\t\t<p class=\"threq-name\"><\/p>\n\t\t\t\t<input type=\"hidden\" name=\"action\" value=\"thfaqf_comment\">\n\t\t\t\t<input type=\"hidden\" name=\"faq_id\" value=\"504\">\n\t\t\t\t<input type=\"hidden\" name=\"faq_index\" value=\"7\">\n\t\t\t\t<input type=\"hidden\" name=\"form_time\">\n\t\t\t\t<input type=\"text\" name=\"website\" style=\"display:none\">\n\t\t\t\t\t\t\t\t<input type=\"hidden\" name=\"form_token\" value=\"c3375c52-b30c-4c25-a7c5-a9b97b678dfb\">\n\t\t\t\t<p><textarea placeholder=\"Add a Comment...\"name=\"user_msg\" class=\"thfaqf-comment-box thfaqf-ucomment\"><\/textarea><\/p>\n\t\t\t\t<p class=\"threq-comment\"><\/p>\n\t\t\t\t<input type=\"hidden\" name=\"wp_thfaqc_nonce\" value=\"2b4a44cf53\"\/>\n\t\t    \t<p><button type=\"submit\" name=\"thfaqf_comment_submt\" class=\"thfaqf-submt-cmmt button primary is-xsmall\" onclick=\"submitFaqfComment(this)\">Send<\/button><\/p><p class=\"thfaqf-comment-validetion\"><\/p>\n\t\t    <\/form>\t\n\n\t\t    \t\t<\/div>\n\t\t <\/p><\/div>\n\t\t\t<\/div>\n\t\t\t<div class=\"log\"><\/div>\n\t\t<\/div>\n \t\t\t\t<div id=\"thfaqf-faq-item-504_8\" class=\"thfaqf-faq-item  thfaqf-faq-item-504    thfaqf-post-id-504 thfaqf-count-dsply-setngs\" style=\"border-radius: 6px;\" >\n\t\t\t<div data-active_color=\"#5a8012\" class=\"thfaqf-faq-item-title\" style=\"border-width: 1px; border-style: solid; margin-bottom: -1px; background-color: #f5f5f5; border-color: #f5f5f5;\">\n \t\t\t\t<h4>\n \t\t\t\t\t \t\t\t\t<span class=\"thfaq-marker thfaqf-toggle-icon\" style=\" color: #97d700;\"><\/span>\n \t\t\t\t\t<span class=\"thfaqf-title-text \" style=\" color: #000000;\" >Qual a documenta\u00e7\u00e3o necess\u00e1ria para obter o Navegante Fam\u00edlia?<\/span>\n \t\t\t\t<\/h4>\t\n\t\t\t<\/div>\n\t\t\t<div class=\"thfaqf-faq-item-content\" style=\"border-width: 1px; border-style: solid; background-color: #fcfcfc; border-color: #fcfcfc; color: #000000;\" >\n\t\t\t\t<div>Para obter o Navegante Fam\u00edlia, \u00e9 necess\u00e1rio apresentar:<u><\/u><u><\/u><\/div>\n<ul>\n<li>Requerimento de acesso (dispon\u00edvel em\u00a0<a href=\"http:\/\/www.navegante.pt\/\" target=\"_blank\" rel=\"noopener\" data-saferedirecturl=\"https:\/\/www.google.com\/url?q=http:\/\/www.navegante.pt\/&amp;source=gmail&amp;ust=1765640224637000&amp;usg=AOvVaw1h7eGbDBPLM93B9vT-jM18\">www.navegante.pt<\/a> e nos balc\u00f5es dos operadores)<\/li>\n<li>Comprovativo do agregado familiar confirmado pela Autoridade Tribut\u00e1ria<\/li>\n<li>Documentos de identifica\u00e7\u00e3o dos membros do agregado familiar<\/li>\n<\/ul>\n\t\t\t\t<div class=\"thfaq-enable-comment-box thfaqf-hide\"> <p>\t\t<div class=\"thfaqf-comment-wrapper\">\n\t\t\t<form form method=\"post\" class=\"thfaqf-post-comment\">\n\t\t\t\t<p><input class=\"thfaqf-comment-box thfaqf-uname\" type=\"text\" placeholder=\"Name...\"name=\"user_name\"\/><\/p>\n\t\t\t\t<p class=\"threq-name\"><\/p>\n\t\t\t\t<input type=\"hidden\" name=\"action\" value=\"thfaqf_comment\">\n\t\t\t\t<input type=\"hidden\" name=\"faq_id\" value=\"504\">\n\t\t\t\t<input type=\"hidden\" name=\"faq_index\" value=\"8\">\n\t\t\t\t<input type=\"hidden\" name=\"form_time\">\n\t\t\t\t<input type=\"text\" name=\"website\" style=\"display:none\">\n\t\t\t\t\t\t\t\t<input type=\"hidden\" name=\"form_token\" value=\"8eb869cf-60d8-454c-86d2-f71136e036d2\">\n\t\t\t\t<p><textarea placeholder=\"Add a Comment...\"name=\"user_msg\" class=\"thfaqf-comment-box thfaqf-ucomment\"><\/textarea><\/p>\n\t\t\t\t<p class=\"threq-comment\"><\/p>\n\t\t\t\t<input type=\"hidden\" name=\"wp_thfaqc_nonce\" value=\"2b4a44cf53\"\/>\n\t\t    \t<p><button type=\"submit\" name=\"thfaqf_comment_submt\" class=\"thfaqf-submt-cmmt button primary is-xsmall\" onclick=\"submitFaqfComment(this)\">Send<\/button><\/p><p class=\"thfaqf-comment-validetion\"><\/p>\n\t\t    <\/form>\t\n\n\t\t    \t\t<\/div>\n\t\t <\/p><\/div>\n\t\t\t<\/div>\n\t\t\t<div class=\"log\"><\/div>\n\t\t<\/div>\n \t\t\t\t<div id=\"thfaqf-faq-item-504_9\" class=\"thfaqf-faq-item  thfaqf-faq-item-504    thfaqf-post-id-504 thfaqf-count-dsply-setngs\" style=\"border-radius: 6px;\" >\n\t\t\t<div data-active_color=\"#5a8012\" class=\"thfaqf-faq-item-title\" style=\"border-width: 1px; border-style: solid; margin-bottom: -1px; background-color: #f5f5f5; border-color: #f5f5f5;\">\n \t\t\t\t<h4>\n \t\t\t\t\t \t\t\t\t<span class=\"thfaq-marker thfaqf-toggle-icon\" style=\" color: #97d700;\"><\/span>\n \t\t\t\t\t<span class=\"thfaqf-title-text \" style=\" color: #000000;\" >Posso utilizar o Navegante Municipal nos Transportes Colectivos do Barreiro?<\/span>\n \t\t\t\t<\/h4>\t\n\t\t\t<\/div>\n\t\t\t<div class=\"thfaqf-faq-item-content\" style=\"border-width: 1px; border-style: solid; background-color: #fcfcfc; border-color: #fcfcfc; color: #000000;\" >\n\t\t\t\t<div>Sim, se for o \u00a0Navegante Municipal\u00a0<i>Barreiro,\u00a0<\/i>\u00e9 v\u00e1lido para utiliza\u00e7\u00e3o nos Transportes Colectivos do Barreiro, desde que respeite as zonas de abrang\u00eancia e as condi\u00e7\u00f5es estabelecidas.<u><\/u><u><\/u><\/div>\n\t\t\t\t<div class=\"thfaq-enable-comment-box thfaqf-hide\"> <p>\t\t<div class=\"thfaqf-comment-wrapper\">\n\t\t\t<form form method=\"post\" class=\"thfaqf-post-comment\">\n\t\t\t\t<p><input class=\"thfaqf-comment-box thfaqf-uname\" type=\"text\" placeholder=\"Name...\"name=\"user_name\"\/><\/p>\n\t\t\t\t<p class=\"threq-name\"><\/p>\n\t\t\t\t<input type=\"hidden\" name=\"action\" value=\"thfaqf_comment\">\n\t\t\t\t<input type=\"hidden\" name=\"faq_id\" value=\"504\">\n\t\t\t\t<input type=\"hidden\" name=\"faq_index\" value=\"9\">\n\t\t\t\t<input type=\"hidden\" name=\"form_time\">\n\t\t\t\t<input type=\"text\" name=\"website\" style=\"display:none\">\n\t\t\t\t\t\t\t\t<input type=\"hidden\" name=\"form_token\" value=\"80cdfaf8-7459-48ed-bb95-5f37f87b28ac\">\n\t\t\t\t<p><textarea placeholder=\"Add a Comment...\"name=\"user_msg\" class=\"thfaqf-comment-box thfaqf-ucomment\"><\/textarea><\/p>\n\t\t\t\t<p class=\"threq-comment\"><\/p>\n\t\t\t\t<input type=\"hidden\" name=\"wp_thfaqc_nonce\" value=\"2b4a44cf53\"\/>\n\t\t    \t<p><button type=\"submit\" name=\"thfaqf_comment_submt\" class=\"thfaqf-submt-cmmt button primary is-xsmall\" onclick=\"submitFaqfComment(this)\">Send<\/button><\/p><p class=\"thfaqf-comment-validetion\"><\/p>\n\t\t    <\/form>\t\n\n\t\t    \t\t<\/div>\n\t\t <\/p><\/div>\n\t\t\t<\/div>\n\t\t\t<div class=\"log\"><\/div>\n\t\t<\/div>\n \t\t\t\t<div id=\"thfaqf-faq-item-504_10\" class=\"thfaqf-faq-item  thfaqf-faq-item-504    thfaqf-post-id-504 thfaqf-count-dsply-setngs\" style=\"border-radius: 6px;\" >\n\t\t\t<div data-active_color=\"#5a8012\" class=\"thfaqf-faq-item-title\" style=\"border-width: 1px; border-style: solid; margin-bottom: -1px; background-color: #f5f5f5; border-color: #f5f5f5;\">\n \t\t\t\t<h4>\n \t\t\t\t\t \t\t\t\t<span class=\"thfaq-marker thfaqf-toggle-icon\" style=\" color: #97d700;\"><\/span>\n \t\t\t\t\t<span class=\"thfaqf-title-text \" style=\" color: #000000;\" >Posso utilizar o Navegante Metropolitano nos Transportes Colectivos do Barreiro?<\/span>\n \t\t\t\t<\/h4>\t\n\t\t\t<\/div>\n\t\t\t<div class=\"thfaqf-faq-item-content\" style=\"border-width: 1px; border-style: solid; background-color: #fcfcfc; border-color: #fcfcfc; color: #000000;\" >\n\t\t\t\t<div>Sim, o Navegante Metropolitano \u00e9 v\u00e1lido nos Transportes Colectivos do Barreiro, abrangendo uma vasta \u00e1rea de transporte na regi\u00e3o metropolitana de Lisboa.<u><\/u><u><\/u><\/div>\n\t\t\t\t<div class=\"thfaq-enable-comment-box thfaqf-hide\"> <p>\t\t<div class=\"thfaqf-comment-wrapper\">\n\t\t\t<form form method=\"post\" class=\"thfaqf-post-comment\">\n\t\t\t\t<p><input class=\"thfaqf-comment-box thfaqf-uname\" type=\"text\" placeholder=\"Name...\"name=\"user_name\"\/><\/p>\n\t\t\t\t<p class=\"threq-name\"><\/p>\n\t\t\t\t<input type=\"hidden\" name=\"action\" value=\"thfaqf_comment\">\n\t\t\t\t<input type=\"hidden\" name=\"faq_id\" value=\"504\">\n\t\t\t\t<input type=\"hidden\" name=\"faq_index\" value=\"10\">\n\t\t\t\t<input type=\"hidden\" name=\"form_time\">\n\t\t\t\t<input type=\"text\" name=\"website\" style=\"display:none\">\n\t\t\t\t\t\t\t\t<input type=\"hidden\" name=\"form_token\" value=\"c1182740-d880-4359-af48-8fa5e37468b0\">\n\t\t\t\t<p><textarea placeholder=\"Add a Comment...\"name=\"user_msg\" class=\"thfaqf-comment-box thfaqf-ucomment\"><\/textarea><\/p>\n\t\t\t\t<p class=\"threq-comment\"><\/p>\n\t\t\t\t<input type=\"hidden\" name=\"wp_thfaqc_nonce\" value=\"2b4a44cf53\"\/>\n\t\t    \t<p><button type=\"submit\" name=\"thfaqf_comment_submt\" class=\"thfaqf-submt-cmmt button primary is-xsmall\" onclick=\"submitFaqfComment(this)\">Send<\/button><\/p><p class=\"thfaqf-comment-validetion\"><\/p>\n\t\t    <\/form>\t\n\n\t\t    \t\t<\/div>\n\t\t <\/p><\/div>\n\t\t\t<\/div>\n\t\t\t<div class=\"log\"><\/div>\n\t\t<\/div>\n \t\t\t\t<div id=\"thfaqf-faq-item-504_11\" class=\"thfaqf-faq-item  thfaqf-faq-item-504    thfaqf-post-id-504 thfaqf-count-dsply-setngs\" style=\"border-radius: 6px;\" >\n\t\t\t<div data-active_color=\"#5a8012\" class=\"thfaqf-faq-item-title\" style=\"border-width: 1px; border-style: solid; margin-bottom: -1px; background-color: #f5f5f5; border-color: #f5f5f5;\">\n \t\t\t\t<h4>\n \t\t\t\t\t \t\t\t\t<span class=\"thfaq-marker thfaqf-toggle-icon\" style=\" color: #97d700;\"><\/span>\n \t\t\t\t\t<span class=\"thfaqf-title-text \" style=\" color: #000000;\" >At\u00e9 que idade as crian\u00e7as podem andar gratuitamente?<\/span>\n \t\t\t\t<\/h4>\t\n\t\t\t<\/div>\n\t\t\t<div class=\"thfaqf-faq-item-content\" style=\"border-width: 1px; border-style: solid; background-color: #fcfcfc; border-color: #fcfcfc; color: #000000;\" >\n\t\t\t\t<p>As crian\u00e7as at\u00e9 4 anos de idade podem andar gratuitamente, desde que acompanhadas por um adulto.<\/p>\n\t\t\t\t<div class=\"thfaq-enable-comment-box thfaqf-hide\"> <p>\t\t<div class=\"thfaqf-comment-wrapper\">\n\t\t\t<form form method=\"post\" class=\"thfaqf-post-comment\">\n\t\t\t\t<p><input class=\"thfaqf-comment-box thfaqf-uname\" type=\"text\" placeholder=\"Name...\"name=\"user_name\"\/><\/p>\n\t\t\t\t<p class=\"threq-name\"><\/p>\n\t\t\t\t<input type=\"hidden\" name=\"action\" value=\"thfaqf_comment\">\n\t\t\t\t<input type=\"hidden\" name=\"faq_id\" value=\"504\">\n\t\t\t\t<input type=\"hidden\" name=\"faq_index\" value=\"11\">\n\t\t\t\t<input type=\"hidden\" name=\"form_time\">\n\t\t\t\t<input type=\"text\" name=\"website\" style=\"display:none\">\n\t\t\t\t\t\t\t\t<input type=\"hidden\" name=\"form_token\" value=\"6b0937c3-076f-4a14-af1b-de575cf39d48\">\n\t\t\t\t<p><textarea placeholder=\"Add a Comment...\"name=\"user_msg\" class=\"thfaqf-comment-box thfaqf-ucomment\"><\/textarea><\/p>\n\t\t\t\t<p class=\"threq-comment\"><\/p>\n\t\t\t\t<input type=\"hidden\" name=\"wp_thfaqc_nonce\" value=\"2b4a44cf53\"\/>\n\t\t    \t<p><button type=\"submit\" name=\"thfaqf_comment_submt\" class=\"thfaqf-submt-cmmt button primary is-xsmall\" onclick=\"submitFaqfComment(this)\">Send<\/button><\/p><p class=\"thfaqf-comment-validetion\"><\/p>\n\t\t    <\/form>\t\n\n\t\t    \t\t<\/div>\n\t\t <\/p><\/div>\n\t\t\t<\/div>\n\t\t\t<div class=\"log\"><\/div>\n\t\t<\/div>\n \t\t\t\t<div id=\"thfaqf-faq-item-504_12\" class=\"thfaqf-faq-item  thfaqf-faq-item-504    thfaqf-post-id-504 thfaqf-count-dsply-setngs\" style=\"border-radius: 6px;\" >\n\t\t\t<div data-active_color=\"#5a8012\" class=\"thfaqf-faq-item-title\" style=\"border-width: 1px; border-style: solid; margin-bottom: -1px; background-color: #f5f5f5; border-color: #f5f5f5;\">\n \t\t\t\t<h4>\n \t\t\t\t\t \t\t\t\t<span class=\"thfaq-marker thfaqf-toggle-icon\" style=\" color: #97d700;\"><\/span>\n \t\t\t\t\t<span class=\"thfaqf-title-text \" style=\" color: #000000;\" >Onde posso consultar as tabelas de pre\u00e7os e descontos?<\/span>\n \t\t\t\t<\/h4>\t\n\t\t\t<\/div>\n\t\t\t<div class=\"thfaqf-faq-item-content\" style=\"border-width: 1px; border-style: solid; background-color: #fcfcfc; border-color: #fcfcfc; color: #000000;\" >\n\t\t\t\t<p>As tabelas de pre\u00e7os e descontos est\u00e3o dispon\u00edveis no site, nos postos de atendimento e nas viaturas de transporte.<\/p>\n\t\t\t\t<div class=\"thfaq-enable-comment-box thfaqf-hide\"> <p>\t\t<div class=\"thfaqf-comment-wrapper\">\n\t\t\t<form form method=\"post\" class=\"thfaqf-post-comment\">\n\t\t\t\t<p><input class=\"thfaqf-comment-box thfaqf-uname\" type=\"text\" placeholder=\"Name...\"name=\"user_name\"\/><\/p>\n\t\t\t\t<p class=\"threq-name\"><\/p>\n\t\t\t\t<input type=\"hidden\" name=\"action\" value=\"thfaqf_comment\">\n\t\t\t\t<input type=\"hidden\" name=\"faq_id\" value=\"504\">\n\t\t\t\t<input type=\"hidden\" name=\"faq_index\" value=\"12\">\n\t\t\t\t<input type=\"hidden\" name=\"form_time\">\n\t\t\t\t<input type=\"text\" name=\"website\" style=\"display:none\">\n\t\t\t\t\t\t\t\t<input type=\"hidden\" name=\"form_token\" value=\"c0d1daa8-3210-4254-b017-d0b011319369\">\n\t\t\t\t<p><textarea placeholder=\"Add a Comment...\"name=\"user_msg\" class=\"thfaqf-comment-box thfaqf-ucomment\"><\/textarea><\/p>\n\t\t\t\t<p class=\"threq-comment\"><\/p>\n\t\t\t\t<input type=\"hidden\" name=\"wp_thfaqc_nonce\" value=\"2b4a44cf53\"\/>\n\t\t    \t<p><button type=\"submit\" name=\"thfaqf_comment_submt\" class=\"thfaqf-submt-cmmt button primary is-xsmall\" onclick=\"submitFaqfComment(this)\">Send<\/button><\/p><p class=\"thfaqf-comment-validetion\"><\/p>\n\t\t    <\/form>\t\n\n\t\t    \t\t<\/div>\n\t\t <\/p><\/div>\n\t\t\t<\/div>\n\t\t\t<div class=\"log\"><\/div>\n\t\t<\/div>\n \t\t\t\t<div id=\"thfaqf-faq-item-504_13\" class=\"thfaqf-faq-item  thfaqf-faq-item-504    thfaqf-post-id-504 thfaqf-count-dsply-setngs\" style=\"border-radius: 6px;\" >\n\t\t\t<div data-active_color=\"#5a8012\" class=\"thfaqf-faq-item-title\" style=\"border-width: 1px; border-style: solid; margin-bottom: -1px; background-color: #f5f5f5; border-color: #f5f5f5;\">\n \t\t\t\t<h4>\n \t\t\t\t\t \t\t\t\t<span class=\"thfaq-marker thfaqf-toggle-icon\" style=\" color: #97d700;\"><\/span>\n \t\t\t\t\t<span class=\"thfaqf-title-text \" style=\" color: #000000;\" >Quais os t\u00edtulos de transporte gratuitos?<\/span>\n \t\t\t\t<\/h4>\t\n\t\t\t<\/div>\n\t\t\t<div class=\"thfaqf-faq-item-content\" style=\"border-width: 1px; border-style: solid; background-color: #fcfcfc; border-color: #fcfcfc; color: #000000;\" >\n\t\t\t\t<div>Os t\u00edtulos gratuitos s\u00e3o, por exemplo:<u><\/u><u><\/u><\/div>\n<ul>\n<li><strong>Navegante Metropolitano 4_18\/sub23<\/strong> \u2013 para jovens dos 4 aos 23 anos inclusive<\/li>\n<li><strong>Cart\u00e3o Navegante com perfil TCB+80, cart\u00e3o exclusivo TCB<\/strong>, apenas v\u00e1lido na rede TCB \u2013 para quem tem mais de 80 anos morador no concelho do barreiro ou moita<\/li>\n<li>Navegante dos Antigos Combatentes\/Vi\u00favas dos Antigos Combatentes\u00a0 - <b>conforme lei 46\/2020 e na portaria 210\/2020\u00a0<\/b><\/li>\n<\/ul>\n\t\t\t\t<div class=\"thfaq-enable-comment-box thfaqf-hide\"> <p>\t\t<div class=\"thfaqf-comment-wrapper\">\n\t\t\t<form form method=\"post\" class=\"thfaqf-post-comment\">\n\t\t\t\t<p><input class=\"thfaqf-comment-box thfaqf-uname\" type=\"text\" placeholder=\"Name...\"name=\"user_name\"\/><\/p>\n\t\t\t\t<p class=\"threq-name\"><\/p>\n\t\t\t\t<input type=\"hidden\" name=\"action\" value=\"thfaqf_comment\">\n\t\t\t\t<input type=\"hidden\" name=\"faq_id\" value=\"504\">\n\t\t\t\t<input type=\"hidden\" name=\"faq_index\" value=\"13\">\n\t\t\t\t<input type=\"hidden\" name=\"form_time\">\n\t\t\t\t<input type=\"text\" name=\"website\" style=\"display:none\">\n\t\t\t\t\t\t\t\t<input type=\"hidden\" name=\"form_token\" value=\"e4815f38-288b-477b-ac81-c31f8109f431\">\n\t\t\t\t<p><textarea placeholder=\"Add a Comment...\"name=\"user_msg\" class=\"thfaqf-comment-box thfaqf-ucomment\"><\/textarea><\/p>\n\t\t\t\t<p class=\"threq-comment\"><\/p>\n\t\t\t\t<input type=\"hidden\" name=\"wp_thfaqc_nonce\" value=\"2b4a44cf53\"\/>\n\t\t    \t<p><button type=\"submit\" name=\"thfaqf_comment_submt\" class=\"thfaqf-submt-cmmt button primary is-xsmall\" onclick=\"submitFaqfComment(this)\">Send<\/button><\/p><p class=\"thfaqf-comment-validetion\"><\/p>\n\t\t    <\/form>\t\n\n\t\t    \t\t<\/div>\n\t\t <\/p><\/div>\n\t\t\t<\/div>\n\t\t\t<div class=\"log\"><\/div>\n\t\t<\/div>\n \t\t\t\t<div id=\"thfaqf-faq-item-504_14\" class=\"thfaqf-faq-item  thfaqf-faq-item-504    thfaqf-post-id-504 thfaqf-count-dsply-setngs\" style=\"border-radius: 6px;\" >\n\t\t\t<div data-active_color=\"#5a8012\" class=\"thfaqf-faq-item-title\" style=\"border-width: 1px; border-style: solid; margin-bottom: -1px; background-color: #f5f5f5; border-color: #f5f5f5;\">\n \t\t\t\t<h4>\n \t\t\t\t\t \t\t\t\t<span class=\"thfaq-marker thfaqf-toggle-icon\" style=\" color: #97d700;\"><\/span>\n \t\t\t\t\t<span class=\"thfaqf-title-text \" style=\" color: #000000;\" >Quais s\u00e3o as condi\u00e7\u00f5es para a utiliza\u00e7\u00e3o de t\u00edtulos gratuitos?<\/span>\n \t\t\t\t<\/h4>\t\n\t\t\t<\/div>\n\t\t\t<div class=\"thfaqf-faq-item-content\" style=\"border-width: 1px; border-style: solid; background-color: #fcfcfc; border-color: #fcfcfc; color: #000000;\" >\n\t\t\t\t<p>A utiliza\u00e7\u00e3o de t\u00edtulos gratuitos est\u00e1 sujeita \u00e0 apresenta\u00e7\u00e3o de documenta\u00e7\u00e3o v\u00e1lida que comprove a elegibilidade.<\/p>\n\t\t\t\t<div class=\"thfaq-enable-comment-box thfaqf-hide\"> <p>\t\t<div class=\"thfaqf-comment-wrapper\">\n\t\t\t<form form method=\"post\" class=\"thfaqf-post-comment\">\n\t\t\t\t<p><input class=\"thfaqf-comment-box thfaqf-uname\" type=\"text\" placeholder=\"Name...\"name=\"user_name\"\/><\/p>\n\t\t\t\t<p class=\"threq-name\"><\/p>\n\t\t\t\t<input type=\"hidden\" name=\"action\" value=\"thfaqf_comment\">\n\t\t\t\t<input type=\"hidden\" name=\"faq_id\" value=\"504\">\n\t\t\t\t<input type=\"hidden\" name=\"faq_index\" value=\"14\">\n\t\t\t\t<input type=\"hidden\" name=\"form_time\">\n\t\t\t\t<input type=\"text\" name=\"website\" style=\"display:none\">\n\t\t\t\t\t\t\t\t<input type=\"hidden\" name=\"form_token\" value=\"9961f045-771d-44ed-bed8-448b2e280e1b\">\n\t\t\t\t<p><textarea placeholder=\"Add a Comment...\"name=\"user_msg\" class=\"thfaqf-comment-box thfaqf-ucomment\"><\/textarea><\/p>\n\t\t\t\t<p class=\"threq-comment\"><\/p>\n\t\t\t\t<input type=\"hidden\" name=\"wp_thfaqc_nonce\" value=\"2b4a44cf53\"\/>\n\t\t    \t<p><button type=\"submit\" name=\"thfaqf_comment_submt\" class=\"thfaqf-submt-cmmt button primary is-xsmall\" onclick=\"submitFaqfComment(this)\">Send<\/button><\/p><p class=\"thfaqf-comment-validetion\"><\/p>\n\t\t    <\/form>\t\n\n\t\t    \t\t<\/div>\n\t\t <\/p><\/div>\n\t\t\t<\/div>\n\t\t\t<div class=\"log\"><\/div>\n\t\t<\/div>\n \t\t\t\t<div id=\"thfaqf-faq-item-504_15\" class=\"thfaqf-faq-item  thfaqf-faq-item-504    thfaqf-post-id-504 thfaqf-count-dsply-setngs\" style=\"border-radius: 6px;\" >\n\t\t\t<div data-active_color=\"#5a8012\" class=\"thfaqf-faq-item-title\" style=\"border-width: 1px; border-style: solid; margin-bottom: -1px; background-color: #f5f5f5; border-color: #f5f5f5;\">\n \t\t\t\t<h4>\n \t\t\t\t\t \t\t\t\t<span class=\"thfaq-marker thfaqf-toggle-icon\" style=\" color: #97d700;\"><\/span>\n \t\t\t\t\t<span class=\"thfaqf-title-text \" style=\" color: #000000;\" >Quais os t\u00edtulos de transporte com desconto?<\/span>\n \t\t\t\t<\/h4>\t\n\t\t\t<\/div>\n\t\t\t<div class=\"thfaqf-faq-item-content\" style=\"border-width: 1px; border-style: solid; background-color: #fcfcfc; border-color: #fcfcfc; color: #000000;\" >\n\t\t\t\t<div><strong>Existem passes com desconto para:<\/strong><u><\/u><u><\/u><\/div>\n<ul>\n<li>Circula PT \u2013 para quem aufere baixos rendimento ou apresenta outras vulnerabilidades\u00a0 conforme\u00a0<b>Portaria n.\u00ba 322-A\/2024\/1, de 10 de dezembro.<\/b><\/li>\n<li>Navegante Familia - conforme<b>\u00a0<\/b><a href=\"https:\/\/diariodarepublica.pt\/dr\/detalhe\/regulamento\/278-a-2019-121665699\" target=\"_blank\" rel=\"noopener\" data-saferedirecturl=\"https:\/\/www.google.com\/url?q=https:\/\/diariodarepublica.pt\/dr\/detalhe\/regulamento\/278-a-2019-121665699&amp;source=gmail&amp;ust=1765640224638000&amp;usg=AOvVaw2O-rfABYCwsBbjX6IXLvgA\"><b>Regulamento n.\u00ba 278-A\/2019 | DR<\/b><\/a><\/li>\n<\/ul>\n\t\t\t\t<div class=\"thfaq-enable-comment-box thfaqf-hide\"> <p>\t\t<div class=\"thfaqf-comment-wrapper\">\n\t\t\t<form form method=\"post\" class=\"thfaqf-post-comment\">\n\t\t\t\t<p><input class=\"thfaqf-comment-box thfaqf-uname\" type=\"text\" placeholder=\"Name...\"name=\"user_name\"\/><\/p>\n\t\t\t\t<p class=\"threq-name\"><\/p>\n\t\t\t\t<input type=\"hidden\" name=\"action\" value=\"thfaqf_comment\">\n\t\t\t\t<input type=\"hidden\" name=\"faq_id\" value=\"504\">\n\t\t\t\t<input type=\"hidden\" name=\"faq_index\" value=\"15\">\n\t\t\t\t<input type=\"hidden\" name=\"form_time\">\n\t\t\t\t<input type=\"text\" name=\"website\" style=\"display:none\">\n\t\t\t\t\t\t\t\t<input type=\"hidden\" name=\"form_token\" value=\"e75afaa8-69b9-4b2c-a740-7df2f97c5f15\">\n\t\t\t\t<p><textarea placeholder=\"Add a Comment...\"name=\"user_msg\" class=\"thfaqf-comment-box thfaqf-ucomment\"><\/textarea><\/p>\n\t\t\t\t<p class=\"threq-comment\"><\/p>\n\t\t\t\t<input type=\"hidden\" name=\"wp_thfaqc_nonce\" value=\"2b4a44cf53\"\/>\n\t\t    \t<p><button type=\"submit\" name=\"thfaqf_comment_submt\" class=\"thfaqf-submt-cmmt button primary is-xsmall\" onclick=\"submitFaqfComment(this)\">Send<\/button><\/p><p class=\"thfaqf-comment-validetion\"><\/p>\n\t\t    <\/form>\t\n\n\t\t    \t\t<\/div>\n\t\t <\/p><\/div>\n\t\t\t<\/div>\n\t\t\t<div class=\"log\"><\/div>\n\t\t<\/div>\n \t\t\t\t<div id=\"thfaqf-faq-item-504_16\" class=\"thfaqf-faq-item  thfaqf-faq-item-504    thfaqf-post-id-504 thfaqf-count-dsply-setngs\" style=\"border-radius: 6px;\" >\n\t\t\t<div data-active_color=\"#5a8012\" class=\"thfaqf-faq-item-title\" style=\"border-width: 1px; border-style: solid; margin-bottom: -1px; background-color: #f5f5f5; border-color: #f5f5f5;\">\n \t\t\t\t<h4>\n \t\t\t\t\t \t\t\t\t<span class=\"thfaq-marker thfaqf-toggle-icon\" style=\" color: #97d700;\"><\/span>\n \t\t\t\t\t<span class=\"thfaqf-title-text \" style=\" color: #000000;\" >Quais s\u00e3o as condi\u00e7\u00f5es para a utiliza\u00e7\u00e3o de t\u00edtulos com desconto?<\/span>\n \t\t\t\t<\/h4>\t\n\t\t\t<\/div>\n\t\t\t<div class=\"thfaqf-faq-item-content\" style=\"border-width: 1px; border-style: solid; background-color: #fcfcfc; border-color: #fcfcfc; color: #000000;\" >\n\t\t\t\t<p>A utiliza\u00e7\u00e3o de t\u00edtulos com desconto est\u00e1 sujeita \u00e0 apresenta\u00e7\u00e3o de documenta\u00e7\u00e3o v\u00e1lida que comprove a elegibilidade<\/p>\n\t\t\t\t<div class=\"thfaq-enable-comment-box thfaqf-hide\"> <p>\t\t<div class=\"thfaqf-comment-wrapper\">\n\t\t\t<form form method=\"post\" class=\"thfaqf-post-comment\">\n\t\t\t\t<p><input class=\"thfaqf-comment-box thfaqf-uname\" type=\"text\" placeholder=\"Name...\"name=\"user_name\"\/><\/p>\n\t\t\t\t<p class=\"threq-name\"><\/p>\n\t\t\t\t<input type=\"hidden\" name=\"action\" value=\"thfaqf_comment\">\n\t\t\t\t<input type=\"hidden\" name=\"faq_id\" value=\"504\">\n\t\t\t\t<input type=\"hidden\" name=\"faq_index\" value=\"16\">\n\t\t\t\t<input type=\"hidden\" name=\"form_time\">\n\t\t\t\t<input type=\"text\" name=\"website\" style=\"display:none\">\n\t\t\t\t\t\t\t\t<input type=\"hidden\" name=\"form_token\" value=\"ff7eb450-0dc6-406e-a96b-54b00cd4551b\">\n\t\t\t\t<p><textarea placeholder=\"Add a Comment...\"name=\"user_msg\" class=\"thfaqf-comment-box thfaqf-ucomment\"><\/textarea><\/p>\n\t\t\t\t<p class=\"threq-comment\"><\/p>\n\t\t\t\t<input type=\"hidden\" name=\"wp_thfaqc_nonce\" value=\"2b4a44cf53\"\/>\n\t\t    \t<p><button type=\"submit\" name=\"thfaqf_comment_submt\" class=\"thfaqf-submt-cmmt button primary is-xsmall\" onclick=\"submitFaqfComment(this)\">Send<\/button><\/p><p class=\"thfaqf-comment-validetion\"><\/p>\n\t\t    <\/form>\t\n\n\t\t    \t\t<\/div>\n\t\t <\/p><\/div>\n\t\t\t<\/div>\n\t\t\t<div class=\"log\"><\/div>\n\t\t<\/div>\n \t\t\t\t<div id=\"thfaqf-faq-item-504_17\" class=\"thfaqf-faq-item  thfaqf-faq-item-504    thfaqf-post-id-504 thfaqf-count-dsply-setngs\" style=\"border-radius: 6px;\" >\n\t\t\t<div data-active_color=\"#5a8012\" class=\"thfaqf-faq-item-title\" style=\"border-width: 1px; border-style: solid; margin-bottom: -1px; background-color: #f5f5f5; border-color: #f5f5f5;\">\n \t\t\t\t<h4>\n \t\t\t\t\t \t\t\t\t<span class=\"thfaq-marker thfaqf-toggle-icon\" style=\" color: #97d700;\"><\/span>\n \t\t\t\t\t<span class=\"thfaqf-title-text \" style=\" color: #000000;\" >Como posso solicitar uma justifica\u00e7\u00e3o de atraso ou incumprimento?<\/span>\n \t\t\t\t<\/h4>\t\n\t\t\t<\/div>\n\t\t\t<div class=\"thfaqf-faq-item-content\" style=\"border-width: 1px; border-style: solid; background-color: #fcfcfc; border-color: #fcfcfc; color: #000000;\" >\n\t\t\t\t<p>A justifica\u00e7\u00e3o de atraso ou incumprimento pode ser solicitada atrav\u00e9s do e-mail\u00a0<a href=\"mailto:apoioaopassageiro@tcbarreiro.pt\" target=\"_blank\" rel=\"noopener\">apoioaopassageiro@<wbr \/>tcbarreiro.pt<\/a><\/p>\n\t\t\t\t<div class=\"thfaq-enable-comment-box thfaqf-hide\"> <p>\t\t<div class=\"thfaqf-comment-wrapper\">\n\t\t\t<form form method=\"post\" class=\"thfaqf-post-comment\">\n\t\t\t\t<p><input class=\"thfaqf-comment-box thfaqf-uname\" type=\"text\" placeholder=\"Name...\"name=\"user_name\"\/><\/p>\n\t\t\t\t<p class=\"threq-name\"><\/p>\n\t\t\t\t<input type=\"hidden\" name=\"action\" value=\"thfaqf_comment\">\n\t\t\t\t<input type=\"hidden\" name=\"faq_id\" value=\"504\">\n\t\t\t\t<input type=\"hidden\" name=\"faq_index\" value=\"17\">\n\t\t\t\t<input type=\"hidden\" name=\"form_time\">\n\t\t\t\t<input type=\"text\" name=\"website\" style=\"display:none\">\n\t\t\t\t\t\t\t\t<input type=\"hidden\" name=\"form_token\" value=\"282d612e-4ada-44c1-8ee0-35613aebcfa0\">\n\t\t\t\t<p><textarea placeholder=\"Add a Comment...\"name=\"user_msg\" class=\"thfaqf-comment-box thfaqf-ucomment\"><\/textarea><\/p>\n\t\t\t\t<p class=\"threq-comment\"><\/p>\n\t\t\t\t<input type=\"hidden\" name=\"wp_thfaqc_nonce\" value=\"2b4a44cf53\"\/>\n\t\t    \t<p><button type=\"submit\" name=\"thfaqf_comment_submt\" class=\"thfaqf-submt-cmmt button primary is-xsmall\" onclick=\"submitFaqfComment(this)\">Send<\/button><\/p><p class=\"thfaqf-comment-validetion\"><\/p>\n\t\t    <\/form>\t\n\n\t\t    \t\t<\/div>\n\t\t <\/p><\/div>\n\t\t\t<\/div>\n\t\t\t<div class=\"log\"><\/div>\n\t\t<\/div>\n \t\t\t\t<div id=\"thfaqf-faq-item-504_18\" class=\"thfaqf-faq-item  thfaqf-faq-item-504    thfaqf-post-id-504 thfaqf-count-dsply-setngs\" style=\"border-radius: 6px;\" >\n\t\t\t<div data-active_color=\"#5a8012\" class=\"thfaqf-faq-item-title\" style=\"border-width: 1px; border-style: solid; margin-bottom: -1px; background-color: #f5f5f5; border-color: #f5f5f5;\">\n \t\t\t\t<h4>\n \t\t\t\t\t \t\t\t\t<span class=\"thfaq-marker thfaqf-toggle-icon\" style=\" color: #97d700;\"><\/span>\n \t\t\t\t\t<span class=\"thfaqf-title-text \" style=\" color: #000000;\" >Como posso solicitar uma declara\u00e7\u00e3o de servi\u00e7o inexistente?<\/span>\n \t\t\t\t<\/h4>\t\n\t\t\t<\/div>\n\t\t\t<div class=\"thfaqf-faq-item-content\" style=\"border-width: 1px; border-style: solid; background-color: #fcfcfc; border-color: #fcfcfc; color: #000000;\" >\n\t\t\t\t<p>A solicita\u00e7\u00e3o de uma declara\u00e7\u00e3o de servi\u00e7o inexistente deve ser feita atrav\u00e9s do e-mail\u00a0<a href=\"mailto:apoioaopassageiro@tcbarreiro.pt\" target=\"_blank\" rel=\"noopener\">apoioaopassageiro@<wbr \/>tcbarreiro.pt<\/a>\u00a0no primeiro dia \u00fatil seguinte \u00e0 data da ocorr\u00eancia, nas bilheteiras dos TCB, na Sede, ou descarregada atrav\u00e9s do seguinte link:\u00a0<a href=\"https:\/\/linktr.ee\/tcbarreiro\" target=\"_blank\" rel=\"noopener\" data-saferedirecturl=\"https:\/\/www.google.com\/url?q=https:\/\/linktr.ee\/tcbarreiro&amp;source=gmail&amp;ust=1765640224638000&amp;usg=AOvVaw3xvTLe7PzgRVCDO8mk4yQA\">https:\/\/linktr.ee\/<wbr \/>tcbarreiro<\/a>.<\/p>\n\t\t\t\t<div class=\"thfaq-enable-comment-box thfaqf-hide\"> <p>\t\t<div class=\"thfaqf-comment-wrapper\">\n\t\t\t<form form method=\"post\" class=\"thfaqf-post-comment\">\n\t\t\t\t<p><input class=\"thfaqf-comment-box thfaqf-uname\" type=\"text\" placeholder=\"Name...\"name=\"user_name\"\/><\/p>\n\t\t\t\t<p class=\"threq-name\"><\/p>\n\t\t\t\t<input type=\"hidden\" name=\"action\" value=\"thfaqf_comment\">\n\t\t\t\t<input type=\"hidden\" name=\"faq_id\" value=\"504\">\n\t\t\t\t<input type=\"hidden\" name=\"faq_index\" value=\"18\">\n\t\t\t\t<input type=\"hidden\" name=\"form_time\">\n\t\t\t\t<input type=\"text\" name=\"website\" style=\"display:none\">\n\t\t\t\t\t\t\t\t<input type=\"hidden\" name=\"form_token\" value=\"c3ecb658-5144-4342-b5a1-afb0396bf69f\">\n\t\t\t\t<p><textarea placeholder=\"Add a Comment...\"name=\"user_msg\" class=\"thfaqf-comment-box thfaqf-ucomment\"><\/textarea><\/p>\n\t\t\t\t<p class=\"threq-comment\"><\/p>\n\t\t\t\t<input type=\"hidden\" name=\"wp_thfaqc_nonce\" value=\"2b4a44cf53\"\/>\n\t\t    \t<p><button type=\"submit\" name=\"thfaqf_comment_submt\" class=\"thfaqf-submt-cmmt button primary is-xsmall\" onclick=\"submitFaqfComment(this)\">Send<\/button><\/p><p class=\"thfaqf-comment-validetion\"><\/p>\n\t\t    <\/form>\t\n\n\t\t    \t\t<\/div>\n\t\t <\/p><\/div>\n\t\t\t<\/div>\n\t\t\t<div class=\"log\"><\/div>\n\t\t<\/div>\n \t\t\t\t<div id=\"thfaqf-faq-item-504_19\" class=\"thfaqf-faq-item  thfaqf-faq-item-504    thfaqf-post-id-504 thfaqf-count-dsply-setngs\" style=\"border-radius: 6px;\" >\n\t\t\t<div data-active_color=\"#5a8012\" class=\"thfaqf-faq-item-title\" style=\"border-width: 1px; border-style: solid; margin-bottom: -1px; background-color: #f5f5f5; border-color: #f5f5f5;\">\n \t\t\t\t<h4>\n \t\t\t\t\t \t\t\t\t<span class=\"thfaq-marker thfaqf-toggle-icon\" style=\" color: #97d700;\"><\/span>\n \t\t\t\t\t<span class=\"thfaqf-title-text \" style=\" color: #000000;\" >Onde fica a loja dos TCB?<\/span>\n \t\t\t\t<\/h4>\t\n\t\t\t<\/div>\n\t\t\t<div class=\"thfaqf-faq-item-content\" style=\"border-width: 1px; border-style: solid; background-color: #fcfcfc; border-color: #fcfcfc; color: #000000;\" >\n\t\t\t\t<div><strong>Loja do Cidad\u00e3o (Barra Shopping)<\/strong>: Rua Stara-Zagora n\u00ba1, 1\u00ba piso, 2830-363 Barreiro. Hor\u00e1rio: Segunda a Sexta-feira: 08h30 \u2013 19h30 | S\u00e1bados: 09h00 \u2013 15h00 | Domingos e Feriados: Encerrado.<u><\/u><u><\/u><\/div>\n<div><\/div>\n<div><strong>Terminal TCB (Barreiro)<\/strong>: Terminal Rodovi\u00e1rio do Barreiro (junto \u00e0 esta\u00e7\u00e3o fluvial). Hor\u00e1rio: Todos os dias: 08h00 \u2013 12h00 e 15h00 \u2013 18h00.<u><\/u><u><\/u><\/div>\n\t\t\t\t<div class=\"thfaq-enable-comment-box thfaqf-hide\"> <p>\t\t<div class=\"thfaqf-comment-wrapper\">\n\t\t\t<form form method=\"post\" class=\"thfaqf-post-comment\">\n\t\t\t\t<p><input class=\"thfaqf-comment-box thfaqf-uname\" type=\"text\" placeholder=\"Name...\"name=\"user_name\"\/><\/p>\n\t\t\t\t<p class=\"threq-name\"><\/p>\n\t\t\t\t<input type=\"hidden\" name=\"action\" value=\"thfaqf_comment\">\n\t\t\t\t<input type=\"hidden\" name=\"faq_id\" value=\"504\">\n\t\t\t\t<input type=\"hidden\" name=\"faq_index\" value=\"19\">\n\t\t\t\t<input type=\"hidden\" name=\"form_time\">\n\t\t\t\t<input type=\"text\" name=\"website\" style=\"display:none\">\n\t\t\t\t\t\t\t\t<input type=\"hidden\" name=\"form_token\" value=\"c5096e57-e12a-404e-89fe-f0bec4267a92\">\n\t\t\t\t<p><textarea placeholder=\"Add a Comment...\"name=\"user_msg\" class=\"thfaqf-comment-box thfaqf-ucomment\"><\/textarea><\/p>\n\t\t\t\t<p class=\"threq-comment\"><\/p>\n\t\t\t\t<input type=\"hidden\" name=\"wp_thfaqc_nonce\" value=\"2b4a44cf53\"\/>\n\t\t    \t<p><button type=\"submit\" name=\"thfaqf_comment_submt\" class=\"thfaqf-submt-cmmt button primary is-xsmall\" onclick=\"submitFaqfComment(this)\">Send<\/button><\/p><p class=\"thfaqf-comment-validetion\"><\/p>\n\t\t    <\/form>\t\n\n\t\t    \t\t<\/div>\n\t\t <\/p><\/div>\n\t\t\t<\/div>\n\t\t\t<div class=\"log\"><\/div>\n\t\t<\/div>\n \t\t\t\t<div id=\"thfaqf-faq-item-504_20\" class=\"thfaqf-faq-item  thfaqf-faq-item-504    thfaqf-post-id-504 thfaqf-count-dsply-setngs\" style=\"border-radius: 6px;\" >\n\t\t\t<div data-active_color=\"#5a8012\" class=\"thfaqf-faq-item-title\" style=\"border-width: 1px; border-style: solid; margin-bottom: -1px; background-color: #f5f5f5; border-color: #f5f5f5;\">\n \t\t\t\t<h4>\n \t\t\t\t\t \t\t\t\t<span class=\"thfaq-marker thfaqf-toggle-icon\" style=\" color: #97d700;\"><\/span>\n \t\t\t\t\t<span class=\"thfaqf-title-text \" style=\" color: #000000;\" >Quais os servi\u00e7os dispon\u00edveis na Loja do Cidad\u00e3o e Terminal?<\/span>\n \t\t\t\t<\/h4>\t\n\t\t\t<\/div>\n\t\t\t<div class=\"thfaqf-faq-item-content\" style=\"border-width: 1px; border-style: solid; background-color: #fcfcfc; border-color: #fcfcfc; color: #000000;\" >\n\t\t\t\t<div><strong>Na Loja do Cidad\u00e3o:<\/strong><\/div>\n<ul>\n<li>Venda e carregamento de t\u00edtulos de transporte<\/li>\n<li>Emiss\u00e3o e renova\u00e7\u00e3o de cart\u00f5es Navegante (Loja do Cidad\u00e3o)<\/li>\n<\/ul>\n<div><strong>No Terminal:<\/strong><\/div>\n<ul>\n<li>Venda e carregamento de t\u00edtulos de transporte<\/li>\n<\/ul>\n\t\t\t\t<div class=\"thfaq-enable-comment-box thfaqf-hide\"> <p>\t\t<div class=\"thfaqf-comment-wrapper\">\n\t\t\t<form form method=\"post\" class=\"thfaqf-post-comment\">\n\t\t\t\t<p><input class=\"thfaqf-comment-box thfaqf-uname\" type=\"text\" placeholder=\"Name...\"name=\"user_name\"\/><\/p>\n\t\t\t\t<p class=\"threq-name\"><\/p>\n\t\t\t\t<input type=\"hidden\" name=\"action\" value=\"thfaqf_comment\">\n\t\t\t\t<input type=\"hidden\" name=\"faq_id\" value=\"504\">\n\t\t\t\t<input type=\"hidden\" name=\"faq_index\" value=\"20\">\n\t\t\t\t<input type=\"hidden\" name=\"form_time\">\n\t\t\t\t<input type=\"text\" name=\"website\" style=\"display:none\">\n\t\t\t\t\t\t\t\t<input type=\"hidden\" name=\"form_token\" value=\"c6bc1c3b-09bb-4e7e-b2f5-5e362a618049\">\n\t\t\t\t<p><textarea placeholder=\"Add a Comment...\"name=\"user_msg\" class=\"thfaqf-comment-box thfaqf-ucomment\"><\/textarea><\/p>\n\t\t\t\t<p class=\"threq-comment\"><\/p>\n\t\t\t\t<input type=\"hidden\" name=\"wp_thfaqc_nonce\" value=\"2b4a44cf53\"\/>\n\t\t    \t<p><button type=\"submit\" name=\"thfaqf_comment_submt\" class=\"thfaqf-submt-cmmt button primary is-xsmall\" onclick=\"submitFaqfComment(this)\">Send<\/button><\/p><p class=\"thfaqf-comment-validetion\"><\/p>\n\t\t    <\/form>\t\n\n\t\t    \t\t<\/div>\n\t\t <\/p><\/div>\n\t\t\t<\/div>\n\t\t\t<div class=\"log\"><\/div>\n\t\t<\/div>\n \t\t\t\t<div id=\"thfaqf-faq-item-504_21\" class=\"thfaqf-faq-item  thfaqf-faq-item-504    thfaqf-post-id-504 thfaqf-count-dsply-setngs\" style=\"border-radius: 6px;\" >\n\t\t\t<div data-active_color=\"#5a8012\" class=\"thfaqf-faq-item-title\" style=\"border-width: 1px; border-style: solid; margin-bottom: -1px; background-color: #f5f5f5; border-color: #f5f5f5;\">\n \t\t\t\t<h4>\n \t\t\t\t\t \t\t\t\t<span class=\"thfaq-marker thfaqf-toggle-icon\" style=\" color: #97d700;\"><\/span>\n \t\t\t\t\t<span class=\"thfaqf-title-text \" style=\" color: #000000;\" >Onde posso levantar o meu objeto perdido?<\/span>\n \t\t\t\t<\/h4>\t\n\t\t\t<\/div>\n\t\t\t<div class=\"thfaqf-faq-item-content\" style=\"border-width: 1px; border-style: solid; background-color: #fcfcfc; border-color: #fcfcfc; color: #000000;\" >\n\t\t\t\t<p>Para levantamento de objetos perdidos, contacte o servi\u00e7o de Achados e Perdidos atrav\u00e9s do e-mail\u00a0<a href=\"mailto:apoioaopassageiro@tcbarreiro.pt\" target=\"_blank\" rel=\"noopener\">apoioaopassageiro@<wbr \/>tcbarreiro.pt<\/a>, pelo telefone 212068787, ou presencialmente na sede dos TCB (Rua Resistentes Anti-Fascistas, 2830-523 Barreiro), de segunda a sexta-feira, das 9h \u00e0s 12h30 e das 14h \u00e0s 17h.<\/p>\n\t\t\t\t<div class=\"thfaq-enable-comment-box thfaqf-hide\"> <p>\t\t<div class=\"thfaqf-comment-wrapper\">\n\t\t\t<form form method=\"post\" class=\"thfaqf-post-comment\">\n\t\t\t\t<p><input class=\"thfaqf-comment-box thfaqf-uname\" type=\"text\" placeholder=\"Name...\"name=\"user_name\"\/><\/p>\n\t\t\t\t<p class=\"threq-name\"><\/p>\n\t\t\t\t<input type=\"hidden\" name=\"action\" value=\"thfaqf_comment\">\n\t\t\t\t<input type=\"hidden\" name=\"faq_id\" value=\"504\">\n\t\t\t\t<input type=\"hidden\" name=\"faq_index\" value=\"21\">\n\t\t\t\t<input type=\"hidden\" name=\"form_time\">\n\t\t\t\t<input type=\"text\" name=\"website\" style=\"display:none\">\n\t\t\t\t\t\t\t\t<input type=\"hidden\" name=\"form_token\" value=\"128d3022-ad88-4993-b164-afe6d15fa711\">\n\t\t\t\t<p><textarea placeholder=\"Add a Comment...\"name=\"user_msg\" class=\"thfaqf-comment-box thfaqf-ucomment\"><\/textarea><\/p>\n\t\t\t\t<p class=\"threq-comment\"><\/p>\n\t\t\t\t<input type=\"hidden\" name=\"wp_thfaqc_nonce\" value=\"2b4a44cf53\"\/>\n\t\t    \t<p><button type=\"submit\" name=\"thfaqf_comment_submt\" class=\"thfaqf-submt-cmmt button primary is-xsmall\" onclick=\"submitFaqfComment(this)\">Send<\/button><\/p><p class=\"thfaqf-comment-validetion\"><\/p>\n\t\t    <\/form>\t\n\n\t\t    \t\t<\/div>\n\t\t <\/p><\/div>\n\t\t\t<\/div>\n\t\t\t<div class=\"log\"><\/div>\n\t\t<\/div>\n \t\t\t\t<div id=\"thfaqf-faq-item-504_22\" class=\"thfaqf-faq-item  thfaqf-faq-item-504    thfaqf-post-id-504 thfaqf-count-dsply-setngs\" style=\"border-radius: 6px;\" >\n\t\t\t<div data-active_color=\"#5a8012\" class=\"thfaqf-faq-item-title\" style=\"border-width: 1px; border-style: solid; margin-bottom: -1px; background-color: #f5f5f5; border-color: #f5f5f5;\">\n \t\t\t\t<h4>\n \t\t\t\t\t \t\t\t\t<span class=\"thfaq-marker thfaqf-toggle-icon\" style=\" color: #97d700;\"><\/span>\n \t\t\t\t\t<span class=\"thfaqf-title-text \" style=\" color: #000000;\" >Como posso contactar os TCB?<\/span>\n \t\t\t\t<\/h4>\t\n\t\t\t<\/div>\n\t\t\t<div class=\"thfaqf-faq-item-content\" style=\"border-width: 1px; border-style: solid; background-color: #fcfcfc; border-color: #fcfcfc; color: #000000;\" >\n\t\t\t\t<p>Pode contactar os TCB presencialmente, atrav\u00e9s do e-mail\u00a0<a href=\"mailto:apoioaopassageiro@tcbarreiro.pt\" target=\"_blank\" rel=\"noopener\">apoioaopassageiro@<wbr \/>tcbarreiro.pt<\/a>, ou pelo telefone <a href=\"tel:00351212068787\">212 068 787<\/a>.<\/p>\n\t\t\t\t<div class=\"thfaq-enable-comment-box thfaqf-hide\"> <p>\t\t<div class=\"thfaqf-comment-wrapper\">\n\t\t\t<form form method=\"post\" class=\"thfaqf-post-comment\">\n\t\t\t\t<p><input class=\"thfaqf-comment-box thfaqf-uname\" type=\"text\" placeholder=\"Name...\"name=\"user_name\"\/><\/p>\n\t\t\t\t<p class=\"threq-name\"><\/p>\n\t\t\t\t<input type=\"hidden\" name=\"action\" value=\"thfaqf_comment\">\n\t\t\t\t<input type=\"hidden\" name=\"faq_id\" value=\"504\">\n\t\t\t\t<input type=\"hidden\" name=\"faq_index\" value=\"22\">\n\t\t\t\t<input type=\"hidden\" name=\"form_time\">\n\t\t\t\t<input type=\"text\" name=\"website\" style=\"display:none\">\n\t\t\t\t\t\t\t\t<input type=\"hidden\" name=\"form_token\" value=\"f7e156e8-98aa-4c00-a6bc-00cb3c1bc48e\">\n\t\t\t\t<p><textarea placeholder=\"Add a Comment...\"name=\"user_msg\" class=\"thfaqf-comment-box thfaqf-ucomment\"><\/textarea><\/p>\n\t\t\t\t<p class=\"threq-comment\"><\/p>\n\t\t\t\t<input type=\"hidden\" name=\"wp_thfaqc_nonce\" value=\"2b4a44cf53\"\/>\n\t\t    \t<p><button type=\"submit\" name=\"thfaqf_comment_submt\" class=\"thfaqf-submt-cmmt button primary is-xsmall\" onclick=\"submitFaqfComment(this)\">Send<\/button><\/p><p class=\"thfaqf-comment-validetion\"><\/p>\n\t\t    <\/form>\t\n\n\t\t    \t\t<\/div>\n\t\t <\/p><\/div>\n\t\t\t<\/div>\n\t\t\t<div class=\"log\"><\/div>\n\t\t<\/div>\n \t\t\t\t<div id=\"thfaqf-faq-item-504_23\" class=\"thfaqf-faq-item  thfaqf-faq-item-504    thfaqf-post-id-504 thfaqf-count-dsply-setngs\" style=\"border-radius: 6px;\" >\n\t\t\t<div data-active_color=\"#5a8012\" class=\"thfaqf-faq-item-title\" style=\"border-width: 1px; border-style: solid; margin-bottom: -1px; background-color: #f5f5f5; border-color: #f5f5f5;\">\n \t\t\t\t<h4>\n \t\t\t\t\t \t\t\t\t<span class=\"thfaq-marker thfaqf-toggle-icon\" style=\" color: #97d700;\"><\/span>\n \t\t\t\t\t<span class=\"thfaqf-title-text \" style=\" color: #000000;\" >Como posso fazer uma sugest\u00e3o, pedido de informa\u00e7\u00e3o, reclama\u00e7\u00e3o ou elogio?<\/span>\n \t\t\t\t<\/h4>\t\n\t\t\t<\/div>\n\t\t\t<div class=\"thfaqf-faq-item-content\" style=\"border-width: 1px; border-style: solid; background-color: #fcfcfc; border-color: #fcfcfc; color: #000000;\" >\n\t\t\t\t<div>Sugest\u00f5es, pedidos de informa\u00e7\u00e3o, reclama\u00e7\u00f5es ou elogios podem ser feitos atrav\u00e9s do e-mail\u00a0<a href=\"mailto:apoioaopassageiro@tcbarreiro.pt\" target=\"_blank\" rel=\"noopener\">apoioaopassageiro@<wbr \/>tcbarreiro.pt<\/a>, ou pelo telefone <a href=\"tel:00351212068787\">212 068 787<\/a>.<\/div>\n\t\t\t\t<div class=\"thfaq-enable-comment-box thfaqf-hide\"> <p>\t\t<div class=\"thfaqf-comment-wrapper\">\n\t\t\t<form form method=\"post\" class=\"thfaqf-post-comment\">\n\t\t\t\t<p><input class=\"thfaqf-comment-box thfaqf-uname\" type=\"text\" placeholder=\"Name...\"name=\"user_name\"\/><\/p>\n\t\t\t\t<p class=\"threq-name\"><\/p>\n\t\t\t\t<input type=\"hidden\" name=\"action\" value=\"thfaqf_comment\">\n\t\t\t\t<input type=\"hidden\" name=\"faq_id\" value=\"504\">\n\t\t\t\t<input type=\"hidden\" name=\"faq_index\" value=\"23\">\n\t\t\t\t<input type=\"hidden\" name=\"form_time\">\n\t\t\t\t<input type=\"text\" name=\"website\" style=\"display:none\">\n\t\t\t\t\t\t\t\t<input type=\"hidden\" name=\"form_token\" value=\"a453cc11-0634-4986-af23-13b991470c3f\">\n\t\t\t\t<p><textarea placeholder=\"Add a Comment...\"name=\"user_msg\" class=\"thfaqf-comment-box thfaqf-ucomment\"><\/textarea><\/p>\n\t\t\t\t<p class=\"threq-comment\"><\/p>\n\t\t\t\t<input type=\"hidden\" name=\"wp_thfaqc_nonce\" value=\"2b4a44cf53\"\/>\n\t\t    \t<p><button type=\"submit\" name=\"thfaqf_comment_submt\" class=\"thfaqf-submt-cmmt button primary is-xsmall\" onclick=\"submitFaqfComment(this)\">Send<\/button><\/p><p class=\"thfaqf-comment-validetion\"><\/p>\n\t\t    <\/form>\t\n\n\t\t    \t\t<\/div>\n\t\t <\/p><\/div>\n\t\t\t<\/div>\n\t\t\t<div class=\"log\"><\/div>\n\t\t<\/div>\n \t\t\t\t<div id=\"thfaqf-faq-item-504_24\" class=\"thfaqf-faq-item  thfaqf-faq-item-504    thfaqf-post-id-504 thfaqf-count-dsply-setngs\" style=\"border-radius: 6px;\" >\n\t\t\t<div data-active_color=\"#5a8012\" class=\"thfaqf-faq-item-title\" style=\"border-width: 1px; border-style: solid; margin-bottom: -1px; background-color: #f5f5f5; border-color: #f5f5f5;\">\n \t\t\t\t<h4>\n \t\t\t\t\t \t\t\t\t<span class=\"thfaq-marker thfaqf-toggle-icon\" style=\" color: #97d700;\"><\/span>\n \t\t\t\t\t<span class=\"thfaqf-title-text \" style=\" color: #000000;\" >Posso alugar o servi\u00e7o de transporte?<\/span>\n \t\t\t\t<\/h4>\t\n\t\t\t<\/div>\n\t\t\t<div class=\"thfaqf-faq-item-content\" style=\"border-width: 1px; border-style: solid; background-color: #fcfcfc; border-color: #fcfcfc; color: #000000;\" >\n\t\t\t\t<div>Sim, os Transportes Colectivos do Barreiro oferecem um servi\u00e7o de aluguer. Para mais informa\u00e7\u00f5es sobre as condi\u00e7\u00f5es e disponibilidade, dever\u00e1 enviar um email para\u00a0<a href=\"mailto:alugueres@tcbarreiro.pt\" target=\"_blank\" rel=\"noopener\">alugueres@tcbarreiro.pt<\/a><u><\/u><u><\/u><\/div>\n\t\t\t\t<div class=\"thfaq-enable-comment-box thfaqf-hide\"> <p>\t\t<div class=\"thfaqf-comment-wrapper\">\n\t\t\t<form form method=\"post\" class=\"thfaqf-post-comment\">\n\t\t\t\t<p><input class=\"thfaqf-comment-box thfaqf-uname\" type=\"text\" placeholder=\"Name...\"name=\"user_name\"\/><\/p>\n\t\t\t\t<p class=\"threq-name\"><\/p>\n\t\t\t\t<input type=\"hidden\" name=\"action\" value=\"thfaqf_comment\">\n\t\t\t\t<input type=\"hidden\" name=\"faq_id\" value=\"504\">\n\t\t\t\t<input type=\"hidden\" name=\"faq_index\" value=\"24\">\n\t\t\t\t<input type=\"hidden\" name=\"form_time\">\n\t\t\t\t<input type=\"text\" name=\"website\" style=\"display:none\">\n\t\t\t\t\t\t\t\t<input type=\"hidden\" name=\"form_token\" value=\"f4a97a62-228b-48c5-ad53-fdf6129dbcf7\">\n\t\t\t\t<p><textarea placeholder=\"Add a Comment...\"name=\"user_msg\" class=\"thfaqf-comment-box thfaqf-ucomment\"><\/textarea><\/p>\n\t\t\t\t<p class=\"threq-comment\"><\/p>\n\t\t\t\t<input type=\"hidden\" name=\"wp_thfaqc_nonce\" value=\"2b4a44cf53\"\/>\n\t\t    \t<p><button type=\"submit\" name=\"thfaqf_comment_submt\" class=\"thfaqf-submt-cmmt button primary is-xsmall\" onclick=\"submitFaqfComment(this)\">Send<\/button><\/p><p class=\"thfaqf-comment-validetion\"><\/p>\n\t\t    <\/form>\t\n\n\t\t    \t\t<\/div>\n\t\t <\/p><\/div>\n\t\t\t<\/div>\n\t\t\t<div class=\"log\"><\/div>\n\t\t<\/div>\n \t\t\t\t<div id=\"thfaqf-faq-item-504_25\" class=\"thfaqf-faq-item  thfaqf-faq-item-504    thfaqf-post-id-504 thfaqf-count-dsply-setngs\" style=\"border-radius: 6px;\" >\n\t\t\t<div data-active_color=\"#5a8012\" class=\"thfaqf-faq-item-title\" style=\"border-width: 1px; border-style: solid; margin-bottom: -1px; background-color: #f5f5f5; border-color: #f5f5f5;\">\n \t\t\t\t<h4>\n \t\t\t\t\t \t\t\t\t<span class=\"thfaq-marker thfaqf-toggle-icon\" style=\" color: #97d700;\"><\/span>\n \t\t\t\t\t<span class=\"thfaqf-title-text \" style=\" color: #000000;\" >\u00c9 permitido transportar animais nos Transportes Colectivos do Barreiro?<\/span>\n \t\t\t\t<\/h4>\t\n\t\t\t<\/div>\n\t\t\t<div class=\"thfaqf-faq-item-content\" style=\"border-width: 1px; border-style: solid; background-color: #fcfcfc; border-color: #fcfcfc; color: #000000;\" >\n\t\t\t\t<div>Sim, \u00e9 permitido transportar animais, desde que cumpram as normas de transporte de animais. Em alguns casos, pode ser necess\u00e1rio o uso de coleiras ou focinheiras.<u><\/u><u><\/u><\/div>\n\t\t\t\t<div class=\"thfaq-enable-comment-box thfaqf-hide\"> <p>\t\t<div class=\"thfaqf-comment-wrapper\">\n\t\t\t<form form method=\"post\" class=\"thfaqf-post-comment\">\n\t\t\t\t<p><input class=\"thfaqf-comment-box thfaqf-uname\" type=\"text\" placeholder=\"Name...\"name=\"user_name\"\/><\/p>\n\t\t\t\t<p class=\"threq-name\"><\/p>\n\t\t\t\t<input type=\"hidden\" name=\"action\" value=\"thfaqf_comment\">\n\t\t\t\t<input type=\"hidden\" name=\"faq_id\" value=\"504\">\n\t\t\t\t<input type=\"hidden\" name=\"faq_index\" value=\"25\">\n\t\t\t\t<input type=\"hidden\" name=\"form_time\">\n\t\t\t\t<input type=\"text\" name=\"website\" style=\"display:none\">\n\t\t\t\t\t\t\t\t<input type=\"hidden\" name=\"form_token\" value=\"c2867486-06aa-4ac5-a41c-2092b4708dc2\">\n\t\t\t\t<p><textarea placeholder=\"Add a Comment...\"name=\"user_msg\" class=\"thfaqf-comment-box thfaqf-ucomment\"><\/textarea><\/p>\n\t\t\t\t<p class=\"threq-comment\"><\/p>\n\t\t\t\t<input type=\"hidden\" name=\"wp_thfaqc_nonce\" value=\"2b4a44cf53\"\/>\n\t\t    \t<p><button type=\"submit\" name=\"thfaqf_comment_submt\" class=\"thfaqf-submt-cmmt button primary is-xsmall\" onclick=\"submitFaqfComment(this)\">Send<\/button><\/p><p class=\"thfaqf-comment-validetion\"><\/p>\n\t\t    <\/form>\t\n\n\t\t    \t\t<\/div>\n\t\t <\/p><\/div>\n\t\t\t<\/div>\n\t\t\t<div class=\"log\"><\/div>\n\t\t<\/div>\n \t\t\t\t<div id=\"thfaqf-faq-item-504_26\" class=\"thfaqf-faq-item  thfaqf-faq-item-504    thfaqf-post-id-504 thfaqf-count-dsply-setngs\" style=\"border-radius: 6px;\" >\n\t\t\t<div data-active_color=\"#5a8012\" class=\"thfaqf-faq-item-title\" style=\"border-width: 1px; border-style: solid; margin-bottom: -1px; background-color: #f5f5f5; border-color: #f5f5f5;\">\n \t\t\t\t<h4>\n \t\t\t\t\t \t\t\t\t<span class=\"thfaq-marker thfaqf-toggle-icon\" style=\" color: #97d700;\"><\/span>\n \t\t\t\t\t<span class=\"thfaqf-title-text \" style=\" color: #000000;\" >Os c\u00e3es de assist\u00eancia ou c\u00e3es-guia s\u00e3o permitidos?<\/span>\n \t\t\t\t<\/h4>\t\n\t\t\t<\/div>\n\t\t\t<div class=\"thfaqf-faq-item-content\" style=\"border-width: 1px; border-style: solid; background-color: #fcfcfc; border-color: #fcfcfc; color: #000000;\" >\n\t\t\t\t<div>Sim, os c\u00e3es de assist\u00eancia ou c\u00e3es-guia s\u00e3o permitidos, sem qualquer custo adicional. Devem ser acompanhados pelos respetivos utilizadores.<u><\/u><u><\/u><\/div>\n\t\t\t\t<div class=\"thfaq-enable-comment-box thfaqf-hide\"> <p>\t\t<div class=\"thfaqf-comment-wrapper\">\n\t\t\t<form form method=\"post\" class=\"thfaqf-post-comment\">\n\t\t\t\t<p><input class=\"thfaqf-comment-box thfaqf-uname\" type=\"text\" placeholder=\"Name...\"name=\"user_name\"\/><\/p>\n\t\t\t\t<p class=\"threq-name\"><\/p>\n\t\t\t\t<input type=\"hidden\" name=\"action\" value=\"thfaqf_comment\">\n\t\t\t\t<input type=\"hidden\" name=\"faq_id\" value=\"504\">\n\t\t\t\t<input type=\"hidden\" name=\"faq_index\" value=\"26\">\n\t\t\t\t<input type=\"hidden\" name=\"form_time\">\n\t\t\t\t<input type=\"text\" name=\"website\" style=\"display:none\">\n\t\t\t\t\t\t\t\t<input type=\"hidden\" name=\"form_token\" value=\"f44d031f-4ef2-4f3e-9b55-8dc2a2d38c36\">\n\t\t\t\t<p><textarea placeholder=\"Add a Comment...\"name=\"user_msg\" class=\"thfaqf-comment-box thfaqf-ucomment\"><\/textarea><\/p>\n\t\t\t\t<p class=\"threq-comment\"><\/p>\n\t\t\t\t<input type=\"hidden\" name=\"wp_thfaqc_nonce\" value=\"2b4a44cf53\"\/>\n\t\t    \t<p><button type=\"submit\" name=\"thfaqf_comment_submt\" class=\"thfaqf-submt-cmmt button primary is-xsmall\" onclick=\"submitFaqfComment(this)\">Send<\/button><\/p><p class=\"thfaqf-comment-validetion\"><\/p>\n\t\t    <\/form>\t\n\n\t\t    \t\t<\/div>\n\t\t <\/p><\/div>\n\t\t\t<\/div>\n\t\t\t<div class=\"log\"><\/div>\n\t\t<\/div>\n \t\t\t\t<div id=\"thfaqf-faq-item-504_27\" class=\"thfaqf-faq-item  thfaqf-faq-item-504    thfaqf-post-id-504 thfaqf-count-dsply-setngs\" style=\"border-radius: 6px;\" >\n\t\t\t<div data-active_color=\"#5a8012\" class=\"thfaqf-faq-item-title\" style=\"border-width: 1px; border-style: solid; margin-bottom: -1px; background-color: #f5f5f5; border-color: #f5f5f5;\">\n \t\t\t\t<h4>\n \t\t\t\t\t \t\t\t\t<span class=\"thfaq-marker thfaqf-toggle-icon\" style=\" color: #97d700;\"><\/span>\n \t\t\t\t\t<span class=\"thfaqf-title-text \" style=\" color: #000000;\" >\u00c9 permitido transportar bicicletas ou trotinetes nos autocarros dos Transportes Colectivos do Barreiro?<\/span>\n \t\t\t\t<\/h4>\t\n\t\t\t<\/div>\n\t\t\t<div class=\"thfaqf-faq-item-content\" style=\"border-width: 1px; border-style: solid; background-color: #fcfcfc; border-color: #fcfcfc; color: #000000;\" >\n\t\t\t\t<p>Sim, \u00e9 permitido transportar bicicletas ou trotinetes, desde que se respeitem as condi\u00e7\u00f5es espec\u00edficas de transporte.<\/p>\n\t\t\t\t<div class=\"thfaq-enable-comment-box thfaqf-hide\"> <p>\t\t<div class=\"thfaqf-comment-wrapper\">\n\t\t\t<form form method=\"post\" class=\"thfaqf-post-comment\">\n\t\t\t\t<p><input class=\"thfaqf-comment-box thfaqf-uname\" type=\"text\" placeholder=\"Name...\"name=\"user_name\"\/><\/p>\n\t\t\t\t<p class=\"threq-name\"><\/p>\n\t\t\t\t<input type=\"hidden\" name=\"action\" value=\"thfaqf_comment\">\n\t\t\t\t<input type=\"hidden\" name=\"faq_id\" value=\"504\">\n\t\t\t\t<input type=\"hidden\" name=\"faq_index\" value=\"27\">\n\t\t\t\t<input type=\"hidden\" name=\"form_time\">\n\t\t\t\t<input type=\"text\" name=\"website\" style=\"display:none\">\n\t\t\t\t\t\t\t\t<input type=\"hidden\" name=\"form_token\" value=\"d02ddc8d-9433-4b16-ad2c-1f5bab99409e\">\n\t\t\t\t<p><textarea placeholder=\"Add a Comment...\"name=\"user_msg\" class=\"thfaqf-comment-box thfaqf-ucomment\"><\/textarea><\/p>\n\t\t\t\t<p class=\"threq-comment\"><\/p>\n\t\t\t\t<input type=\"hidden\" name=\"wp_thfaqc_nonce\" value=\"2b4a44cf53\"\/>\n\t\t    \t<p><button type=\"submit\" name=\"thfaqf_comment_submt\" class=\"thfaqf-submt-cmmt button primary is-xsmall\" onclick=\"submitFaqfComment(this)\">Send<\/button><\/p><p class=\"thfaqf-comment-validetion\"><\/p>\n\t\t    <\/form>\t\n\n\t\t    \t\t<\/div>\n\t\t <\/p><\/div>\n\t\t\t<\/div>\n\t\t\t<div class=\"log\"><\/div>\n\t\t<\/div>\n \t\t\t\t<div id=\"thfaqf-faq-item-504_28\" class=\"thfaqf-faq-item  thfaqf-faq-item-504    thfaqf-post-id-504 thfaqf-count-dsply-setngs\" style=\"border-radius: 6px;\" >\n\t\t\t<div data-active_color=\"#5a8012\" class=\"thfaqf-faq-item-title\" style=\"border-width: 1px; border-style: solid; margin-bottom: -1px; background-color: #f5f5f5; border-color: #f5f5f5;\">\n \t\t\t\t<h4>\n \t\t\t\t\t \t\t\t\t<span class=\"thfaq-marker thfaqf-toggle-icon\" style=\" color: #97d700;\"><\/span>\n \t\t\t\t\t<span class=\"thfaqf-title-text \" style=\" color: #000000;\" >Acessibilidade e Condi\u00e7\u00f5es Especiais | Os Transportes Colectivos do Barreiro s\u00e3o acess\u00edveis a pessoas com mobilidade reduzida?<\/span>\n \t\t\t\t<\/h4>\t\n\t\t\t<\/div>\n\t\t\t<div class=\"thfaqf-faq-item-content\" style=\"border-width: 1px; border-style: solid; background-color: #fcfcfc; border-color: #fcfcfc; color: #000000;\" >\n\t\t\t\t<p>Sim, os Transportes Colectivos do Barreiro s\u00e3o totalmente acess\u00edveis a pessoas com mobilidade reduzida. As viaturas est\u00e3o adaptadas e existem condi\u00e7\u00f5es especiais de embarque e desembarque para garantir a acessibilidade a todos.<\/p>\n\t\t\t\t<div class=\"thfaq-enable-comment-box thfaqf-hide\"> <p>\t\t<div class=\"thfaqf-comment-wrapper\">\n\t\t\t<form form method=\"post\" class=\"thfaqf-post-comment\">\n\t\t\t\t<p><input class=\"thfaqf-comment-box thfaqf-uname\" type=\"text\" placeholder=\"Name...\"name=\"user_name\"\/><\/p>\n\t\t\t\t<p class=\"threq-name\"><\/p>\n\t\t\t\t<input type=\"hidden\" name=\"action\" value=\"thfaqf_comment\">\n\t\t\t\t<input type=\"hidden\" name=\"faq_id\" value=\"504\">\n\t\t\t\t<input type=\"hidden\" name=\"faq_index\" value=\"28\">\n\t\t\t\t<input type=\"hidden\" name=\"form_time\">\n\t\t\t\t<input type=\"text\" name=\"website\" style=\"display:none\">\n\t\t\t\t\t\t\t\t<input type=\"hidden\" name=\"form_token\" value=\"64d1d2ec-1af6-4518-b39f-775240facff0\">\n\t\t\t\t<p><textarea placeholder=\"Add a Comment...\"name=\"user_msg\" class=\"thfaqf-comment-box thfaqf-ucomment\"><\/textarea><\/p>\n\t\t\t\t<p class=\"threq-comment\"><\/p>\n\t\t\t\t<input type=\"hidden\" name=\"wp_thfaqc_nonce\" value=\"2b4a44cf53\"\/>\n\t\t    \t<p><button type=\"submit\" name=\"thfaqf_comment_submt\" class=\"thfaqf-submt-cmmt button primary is-xsmall\" onclick=\"submitFaqfComment(this)\">Send<\/button><\/p><p class=\"thfaqf-comment-validetion\"><\/p>\n\t\t    <\/form>\t\n\n\t\t    \t\t<\/div>\n\t\t <\/p><\/div>\n\t\t\t<\/div>\n\t\t\t<div class=\"log\"><\/div>\n\t\t<\/div>\n \t\t\t\t<div id=\"thfaqf-faq-item-504_29\" class=\"thfaqf-faq-item  thfaqf-faq-item-504    thfaqf-post-id-504 thfaqf-count-dsply-setngs\" style=\"border-radius: 6px;\" >\n\t\t\t<div data-active_color=\"#5a8012\" class=\"thfaqf-faq-item-title\" style=\"border-width: 1px; border-style: solid; margin-bottom: -1px; background-color: #f5f5f5; border-color: #f5f5f5;\">\n \t\t\t\t<h4>\n \t\t\t\t\t \t\t\t\t<span class=\"thfaq-marker thfaqf-toggle-icon\" style=\" color: #97d700;\"><\/span>\n \t\t\t\t\t<span class=\"thfaqf-title-text \" style=\" color: #000000;\" >Como posso solicitar assist\u00eancia para embarcar ou desembarcar em condi\u00e7\u00f5es especiais?<\/span>\n \t\t\t\t<\/h4>\t\n\t\t\t<\/div>\n\t\t\t<div class=\"thfaqf-faq-item-content\" style=\"border-width: 1px; border-style: solid; background-color: #fcfcfc; border-color: #fcfcfc; color: #000000;\" >\n\t\t\t\t<div>A assist\u00eancia pode ser solicitada atrav\u00e9s da linha de apoio ou diretamente nos postos de atendimento, com a devida anteced\u00eancia, para garantir que as condi\u00e7\u00f5es especiais sejam providenciadas.<u><\/u><u><\/u><\/div>\n<div>Transporte de Bagagens<\/div>\n\t\t\t\t<div class=\"thfaq-enable-comment-box thfaqf-hide\"> <p>\t\t<div class=\"thfaqf-comment-wrapper\">\n\t\t\t<form form method=\"post\" class=\"thfaqf-post-comment\">\n\t\t\t\t<p><input class=\"thfaqf-comment-box thfaqf-uname\" type=\"text\" placeholder=\"Name...\"name=\"user_name\"\/><\/p>\n\t\t\t\t<p class=\"threq-name\"><\/p>\n\t\t\t\t<input type=\"hidden\" name=\"action\" value=\"thfaqf_comment\">\n\t\t\t\t<input type=\"hidden\" name=\"faq_id\" value=\"504\">\n\t\t\t\t<input type=\"hidden\" name=\"faq_index\" value=\"29\">\n\t\t\t\t<input type=\"hidden\" name=\"form_time\">\n\t\t\t\t<input type=\"text\" name=\"website\" style=\"display:none\">\n\t\t\t\t\t\t\t\t<input type=\"hidden\" name=\"form_token\" value=\"c1fc784a-ee8c-4bf3-b92a-2dddce480ae5\">\n\t\t\t\t<p><textarea placeholder=\"Add a Comment...\"name=\"user_msg\" class=\"thfaqf-comment-box thfaqf-ucomment\"><\/textarea><\/p>\n\t\t\t\t<p class=\"threq-comment\"><\/p>\n\t\t\t\t<input type=\"hidden\" name=\"wp_thfaqc_nonce\" value=\"2b4a44cf53\"\/>\n\t\t    \t<p><button type=\"submit\" name=\"thfaqf_comment_submt\" class=\"thfaqf-submt-cmmt button primary is-xsmall\" onclick=\"submitFaqfComment(this)\">Send<\/button><\/p><p class=\"thfaqf-comment-validetion\"><\/p>\n\t\t    <\/form>\t\n\n\t\t    \t\t<\/div>\n\t\t <\/p><\/div>\n\t\t\t<\/div>\n\t\t\t<div class=\"log\"><\/div>\n\t\t<\/div>\n \t\t\t\t<div id=\"thfaqf-faq-item-504_30\" class=\"thfaqf-faq-item  thfaqf-faq-item-504    thfaqf-post-id-504 thfaqf-count-dsply-setngs\" style=\"border-radius: 6px;\" >\n\t\t\t<div data-active_color=\"#5a8012\" class=\"thfaqf-faq-item-title\" style=\"border-width: 1px; border-style: solid; margin-bottom: -1px; background-color: #f5f5f5; border-color: #f5f5f5;\">\n \t\t\t\t<h4>\n \t\t\t\t\t \t\t\t\t<span class=\"thfaq-marker thfaqf-toggle-icon\" style=\" color: #97d700;\"><\/span>\n \t\t\t\t\t<span class=\"thfaqf-title-text \" style=\" color: #000000;\" >\u00c9 permitido transportar bagagens?<\/span>\n \t\t\t\t<\/h4>\t\n\t\t\t<\/div>\n\t\t\t<div class=\"thfaqf-faq-item-content\" style=\"border-width: 1px; border-style: solid; background-color: #fcfcfc; border-color: #fcfcfc; color: #000000;\" >\n\t\t\t\t<div>Sim, \u00e9 permitido transportar bagagens, desde que n\u00e3o prejudiquem a seguran\u00e7a e o conforto dos outros passageiros. As bagagens devem ser devidamente acondicionadas.<u><\/u><u><\/u><\/div>\n\t\t\t\t<div class=\"thfaq-enable-comment-box thfaqf-hide\"> <p>\t\t<div class=\"thfaqf-comment-wrapper\">\n\t\t\t<form form method=\"post\" class=\"thfaqf-post-comment\">\n\t\t\t\t<p><input class=\"thfaqf-comment-box thfaqf-uname\" type=\"text\" placeholder=\"Name...\"name=\"user_name\"\/><\/p>\n\t\t\t\t<p class=\"threq-name\"><\/p>\n\t\t\t\t<input type=\"hidden\" name=\"action\" value=\"thfaqf_comment\">\n\t\t\t\t<input type=\"hidden\" name=\"faq_id\" value=\"504\">\n\t\t\t\t<input type=\"hidden\" name=\"faq_index\" value=\"30\">\n\t\t\t\t<input type=\"hidden\" name=\"form_time\">\n\t\t\t\t<input type=\"text\" name=\"website\" style=\"display:none\">\n\t\t\t\t\t\t\t\t<input type=\"hidden\" name=\"form_token\" value=\"7a9a71ef-2825-4e28-b161-6ec749730ab1\">\n\t\t\t\t<p><textarea placeholder=\"Add a Comment...\"name=\"user_msg\" class=\"thfaqf-comment-box thfaqf-ucomment\"><\/textarea><\/p>\n\t\t\t\t<p class=\"threq-comment\"><\/p>\n\t\t\t\t<input type=\"hidden\" name=\"wp_thfaqc_nonce\" value=\"2b4a44cf53\"\/>\n\t\t    \t<p><button type=\"submit\" name=\"thfaqf_comment_submt\" class=\"thfaqf-submt-cmmt button primary is-xsmall\" onclick=\"submitFaqfComment(this)\">Send<\/button><\/p><p class=\"thfaqf-comment-validetion\"><\/p>\n\t\t    <\/form>\t\n\n\t\t    \t\t<\/div>\n\t\t <\/p><\/div>\n\t\t\t<\/div>\n\t\t\t<div class=\"log\"><\/div>\n\t\t<\/div>\n \t\t<\/div>\t        <p class=\"thfaqf-display-faq-setngs hide-faqf-group\">\n\t\t\t\t<span class=\"thfaqf-pagination\">\n\t\t\t\t\t<span onclick=\"ThfaqPagination(this,'prev_page')\" ><a class=\"thfaqf-prev-page thfaqf-div-none\"  href=\"#\"><<<\/a><\/span>\t\n\t\t\t\t\t\t\t\t            <span class=\"thfaqf-page-no \" data-number=\"1\">\n\t\t\t           \t<a class=\"thfaqf-pnumber thfaq-ft current\"href=\"#\" onclick=\"ThfaqEachPage(this)\" >1<\/a>\n\t\t\t            <\/span>\n\t\t\t             \n\t\t        \t<span onclick=\"ThfaqPagination(this,'next_page')\" data-page_count=\"1\"><a class=\"thfaqf-next-page thfaqf-div-none\" href=\"#\">>><\/a><\/span>\t\n\t\t\t\t<\/span>\n\t\t\t\t<input type=\"hidden\" class=\"thfaqf-count-faq-number\"name=\"count_faq\" value=\"31\"\/>\n\t\t\t<\/p><br>\n            \t    <\/div>\n\t    \n","protected":false},"excerpt":{"rendered":"","protected":false},"author":1,"featured_media":0,"parent":357,"menu_order":0,"comment_status":"closed","ping_status":"closed","template":"","meta":{"footnotes":""},"class_list":["post-500","page","type-page","status-publish","hentry"],"yoast_head":"<!-- This site is optimized with the Yoast SEO plugin v27.4 - https:\/\/yoast.com\/product\/yoast-seo-wordpress\/ -->\n<title>FAQs - TCB | TRANSPORTES COLECTIVOS DO BARREIRO<\/title>\n<meta name=\"robots\" content=\"index, follow, max-snippet:-1, max-image-preview:large, max-video-preview:-1\" \/>\n<link rel=\"canonical\" href=\"https:\/\/tcbarreiro.pt\/en\/tcb-barreiro-collective-transport\/faqs\/\" \/>\n<meta property=\"og:locale\" content=\"en_US\" \/>\n<meta property=\"og:type\" content=\"article\" \/>\n<meta property=\"og:title\" content=\"FAQs - TCB | TRANSPORTES COLECTIVOS DO BARREIRO\" \/>\n<meta property=\"og:url\" content=\"https:\/\/tcbarreiro.pt\/en\/tcb-barreiro-collective-transport\/faqs\/\" \/>\n<meta property=\"og:site_name\" content=\"TCB | TRANSPORTES COLECTIVOS DO BARREIRO\" \/>\n<meta property=\"article:publisher\" content=\"https:\/\/www.facebook.com\/tcbarreiro\" \/>\n<meta property=\"article:modified_time\" content=\"2025-12-12T22:16:09+00:00\" \/>\n<meta property=\"og:image\" content=\"https:\/\/tcbarreiro.pt\/wp-content\/uploads\/2025\/06\/transportes-coletivos-do-barreiro-1.webp\" \/>\n\t<meta property=\"og:image:width\" content=\"2048\" \/>\n\t<meta property=\"og:image:height\" content=\"1365\" \/>\n\t<meta property=\"og:image:type\" content=\"image\/webp\" \/>\n<meta name=\"twitter:card\" content=\"summary_large_image\" \/>\n<script type=\"application\/ld+json\" class=\"yoast-schema-graph\">{\"@context\":\"https:\\\/\\\/schema.org\",\"@graph\":[{\"@type\":\"WebPage\",\"@id\":\"https:\\\/\\\/tcbarreiro.pt\\\/en\\\/tcb-barreiro-collective-transport\\\/faqs\\\/\",\"url\":\"https:\\\/\\\/tcbarreiro.pt\\\/en\\\/tcb-barreiro-collective-transport\\\/faqs\\\/\",\"name\":\"FAQs - TCB | TRANSPORTES COLECTIVOS DO BARREIRO\",\"isPartOf\":{\"@id\":\"https:\\\/\\\/tcbarreiro.pt\\\/en\\\/#website\"},\"datePublished\":\"2025-06-06T08:39:41+00:00\",\"dateModified\":\"2025-12-12T22:16:09+00:00\",\"breadcrumb\":{\"@id\":\"https:\\\/\\\/tcbarreiro.pt\\\/en\\\/tcb-barreiro-collective-transport\\\/faqs\\\/#breadcrumb\"},\"inLanguage\":\"en-US\",\"potentialAction\":[{\"@type\":\"ReadAction\",\"target\":[\"https:\\\/\\\/tcbarreiro.pt\\\/en\\\/tcb-barreiro-collective-transport\\\/faqs\\\/\"]}]},{\"@type\":\"BreadcrumbList\",\"@id\":\"https:\\\/\\\/tcbarreiro.pt\\\/en\\\/tcb-barreiro-collective-transport\\\/faqs\\\/#breadcrumb\",\"itemListElement\":[{\"@type\":\"ListItem\",\"position\":1,\"name\":\"In\u00edcio\",\"item\":\"https:\\\/\\\/tcbarreiro.pt\\\/en\\\/\"},{\"@type\":\"ListItem\",\"position\":2,\"name\":\"TCB | Barreiro Collective Transport\",\"item\":\"https:\\\/\\\/tcbarreiro.pt\\\/en\\\/tcb-barreiro-collective-transport\\\/\"},{\"@type\":\"ListItem\",\"position\":3,\"name\":\"FAQs\"}]},{\"@type\":\"WebSite\",\"@id\":\"https:\\\/\\\/tcbarreiro.pt\\\/en\\\/#website\",\"url\":\"https:\\\/\\\/tcbarreiro.pt\\\/en\\\/\",\"name\":\"TCB | TRANSPORTES COLECTIVOS DO BARREIRO\",\"description\":\"SEMPRE PRESENTES, NO FUTURO DA MOBILIDADE\",\"publisher\":{\"@id\":\"https:\\\/\\\/tcbarreiro.pt\\\/en\\\/#organization\"},\"alternateName\":\"TCB\",\"potentialAction\":[{\"@type\":\"SearchAction\",\"target\":{\"@type\":\"EntryPoint\",\"urlTemplate\":\"https:\\\/\\\/tcbarreiro.pt\\\/en\\\/?s={search_term_string}\"},\"query-input\":{\"@type\":\"PropertyValueSpecification\",\"valueRequired\":true,\"valueName\":\"search_term_string\"}}],\"inLanguage\":\"en-US\"},{\"@type\":\"Organization\",\"@id\":\"https:\\\/\\\/tcbarreiro.pt\\\/en\\\/#organization\",\"name\":\"TCB | TRANSPORTES COLECTIVOS DO BARREIRO\",\"alternateName\":\"TCB\",\"url\":\"https:\\\/\\\/tcbarreiro.pt\\\/en\\\/\",\"logo\":{\"@type\":\"ImageObject\",\"inLanguage\":\"en-US\",\"@id\":\"https:\\\/\\\/tcbarreiro.pt\\\/en\\\/#\\\/schema\\\/logo\\\/image\\\/\",\"url\":\"https:\\\/\\\/tcbarreiro.pt\\\/wp-content\\\/uploads\\\/2025\\\/06\\\/logo-transportes-colectivos-barreiro.webp\",\"contentUrl\":\"https:\\\/\\\/tcbarreiro.pt\\\/wp-content\\\/uploads\\\/2025\\\/06\\\/logo-transportes-colectivos-barreiro.webp\",\"width\":1086,\"height\":593,\"caption\":\"TCB | TRANSPORTES COLECTIVOS DO BARREIRO\"},\"image\":{\"@id\":\"https:\\\/\\\/tcbarreiro.pt\\\/en\\\/#\\\/schema\\\/logo\\\/image\\\/\"},\"sameAs\":[\"https:\\\/\\\/www.facebook.com\\\/tcbarreiro\",\"https:\\\/\\\/www.instagram.com\\\/tcb_barreiro\\\/\",\"https:\\\/\\\/linktr.ee\\\/tcbarreiro?utm_source=linktree_profile_share&ltsid=a08dac0b-942a-4b94-b1f7-42526f8e23b8\"]}]}<\/script>\n<!-- \/ Yoast SEO plugin. -->","yoast_head_json":{"title":"FAQs - TCB | TRANSPORTES COLECTIVOS DO BARREIRO","robots":{"index":"index","follow":"follow","max-snippet":"max-snippet:-1","max-image-preview":"max-image-preview:large","max-video-preview":"max-video-preview:-1"},"canonical":"https:\/\/tcbarreiro.pt\/en\/tcb-barreiro-collective-transport\/faqs\/","og_locale":"en_US","og_type":"article","og_title":"FAQs - TCB | TRANSPORTES COLECTIVOS DO BARREIRO","og_url":"https:\/\/tcbarreiro.pt\/en\/tcb-barreiro-collective-transport\/faqs\/","og_site_name":"TCB | TRANSPORTES COLECTIVOS DO BARREIRO","article_publisher":"https:\/\/www.facebook.com\/tcbarreiro","article_modified_time":"2025-12-12T22:16:09+00:00","og_image":[{"width":2048,"height":1365,"url":"https:\/\/tcbarreiro.pt\/wp-content\/uploads\/2025\/06\/transportes-coletivos-do-barreiro-1.webp","type":"image\/webp"}],"twitter_card":"summary_large_image","schema":{"@context":"https:\/\/schema.org","@graph":[{"@type":"WebPage","@id":"https:\/\/tcbarreiro.pt\/en\/tcb-barreiro-collective-transport\/faqs\/","url":"https:\/\/tcbarreiro.pt\/en\/tcb-barreiro-collective-transport\/faqs\/","name":"FAQs - TCB | TRANSPORTES COLECTIVOS DO BARREIRO","isPartOf":{"@id":"https:\/\/tcbarreiro.pt\/en\/#website"},"datePublished":"2025-06-06T08:39:41+00:00","dateModified":"2025-12-12T22:16:09+00:00","breadcrumb":{"@id":"https:\/\/tcbarreiro.pt\/en\/tcb-barreiro-collective-transport\/faqs\/#breadcrumb"},"inLanguage":"en-US","potentialAction":[{"@type":"ReadAction","target":["https:\/\/tcbarreiro.pt\/en\/tcb-barreiro-collective-transport\/faqs\/"]}]},{"@type":"BreadcrumbList","@id":"https:\/\/tcbarreiro.pt\/en\/tcb-barreiro-collective-transport\/faqs\/#breadcrumb","itemListElement":[{"@type":"ListItem","position":1,"name":"In\u00edcio","item":"https:\/\/tcbarreiro.pt\/en\/"},{"@type":"ListItem","position":2,"name":"TCB | Barreiro Collective Transport","item":"https:\/\/tcbarreiro.pt\/en\/tcb-barreiro-collective-transport\/"},{"@type":"ListItem","position":3,"name":"FAQs"}]},{"@type":"WebSite","@id":"https:\/\/tcbarreiro.pt\/en\/#website","url":"https:\/\/tcbarreiro.pt\/en\/","name":"TCB | TRANSPORTES COLECTIVOS DO BARREIRO","description":"SEMPRE PRESENTES, NO FUTURO DA MOBILIDADE","publisher":{"@id":"https:\/\/tcbarreiro.pt\/en\/#organization"},"alternateName":"TCB","potentialAction":[{"@type":"SearchAction","target":{"@type":"EntryPoint","urlTemplate":"https:\/\/tcbarreiro.pt\/en\/?s={search_term_string}"},"query-input":{"@type":"PropertyValueSpecification","valueRequired":true,"valueName":"search_term_string"}}],"inLanguage":"en-US"},{"@type":"Organization","@id":"https:\/\/tcbarreiro.pt\/en\/#organization","name":"TCB | TRANSPORTES COLECTIVOS DO BARREIRO","alternateName":"TCB","url":"https:\/\/tcbarreiro.pt\/en\/","logo":{"@type":"ImageObject","inLanguage":"en-US","@id":"https:\/\/tcbarreiro.pt\/en\/#\/schema\/logo\/image\/","url":"https:\/\/tcbarreiro.pt\/wp-content\/uploads\/2025\/06\/logo-transportes-colectivos-barreiro.webp","contentUrl":"https:\/\/tcbarreiro.pt\/wp-content\/uploads\/2025\/06\/logo-transportes-colectivos-barreiro.webp","width":1086,"height":593,"caption":"TCB | TRANSPORTES COLECTIVOS DO BARREIRO"},"image":{"@id":"https:\/\/tcbarreiro.pt\/en\/#\/schema\/logo\/image\/"},"sameAs":["https:\/\/www.facebook.com\/tcbarreiro","https:\/\/www.instagram.com\/tcb_barreiro\/","https:\/\/linktr.ee\/tcbarreiro?utm_source=linktree_profile_share&ltsid=a08dac0b-942a-4b94-b1f7-42526f8e23b8"]}]}},"_links":{"self":[{"href":"https:\/\/tcbarreiro.pt\/en\/wp-json\/wp\/v2\/pages\/500","targetHints":{"allow":["GET"]}}],"collection":[{"href":"https:\/\/tcbarreiro.pt\/en\/wp-json\/wp\/v2\/pages"}],"about":[{"href":"https:\/\/tcbarreiro.pt\/en\/wp-json\/wp\/v2\/types\/page"}],"author":[{"embeddable":true,"href":"https:\/\/tcbarreiro.pt\/en\/wp-json\/wp\/v2\/users\/1"}],"replies":[{"embeddable":true,"href":"https:\/\/tcbarreiro.pt\/en\/wp-json\/wp\/v2\/comments?post=500"}],"version-history":[{"count":2,"href":"https:\/\/tcbarreiro.pt\/en\/wp-json\/wp\/v2\/pages\/500\/revisions"}],"predecessor-version":[{"id":507,"href":"https:\/\/tcbarreiro.pt\/en\/wp-json\/wp\/v2\/pages\/500\/revisions\/507"}],"up":[{"embeddable":true,"href":"https:\/\/tcbarreiro.pt\/en\/wp-json\/wp\/v2\/pages\/357"}],"wp:attachment":[{"href":"https:\/\/tcbarreiro.pt\/en\/wp-json\/wp\/v2\/media?parent=500"}],"curies":[{"name":"wp","href":"https:\/\/api.w.org\/{rel}","templated":true}]}}